{"id":565,"date":"2026-03-24T10:45:39","date_gmt":"2026-03-24T09:45:39","guid":{"rendered":"https:\/\/amare-mediation.fr\/?page_id=565"},"modified":"2026-04-24T09:33:18","modified_gmt":"2026-04-24T07:33:18","slug":"nos-ateliers","status":"publish","type":"page","link":"https:\/\/amare-mediation.fr\/index.php\/nos-ateliers\/","title":{"rendered":"Nos ateliers"},"content":{"rendered":"\n<figure class=\"wp-block-image alignleft size-large is-resized\"><img fetchpriority=\"high\" decoding=\"async\" width=\"724\" height=\"1024\" src=\"https:\/\/amare-mediation.fr\/wp-content\/uploads\/2026\/04\/Copie-de-Copie-de-Vert-avec-Icone-de-Globe-Jeunes-Reseautage-Conference-Affiche-724x1024.jpg\" alt=\"\" class=\"wp-image-658\" style=\"width:512px;height:auto\" srcset=\"https:\/\/amare-mediation.fr\/wp-content\/uploads\/2026\/04\/Copie-de-Copie-de-Vert-avec-Icone-de-Globe-Jeunes-Reseautage-Conference-Affiche-724x1024.jpg 724w, https:\/\/amare-mediation.fr\/wp-content\/uploads\/2026\/04\/Copie-de-Copie-de-Vert-avec-Icone-de-Globe-Jeunes-Reseautage-Conference-Affiche-212x300.jpg 212w, https:\/\/amare-mediation.fr\/wp-content\/uploads\/2026\/04\/Copie-de-Copie-de-Vert-avec-Icone-de-Globe-Jeunes-Reseautage-Conference-Affiche-768x1086.jpg 768w, https:\/\/amare-mediation.fr\/wp-content\/uploads\/2026\/04\/Copie-de-Copie-de-Vert-avec-Icone-de-Globe-Jeunes-Reseautage-Conference-Affiche-1086x1536.jpg 1086w, https:\/\/amare-mediation.fr\/wp-content\/uploads\/2026\/04\/Copie-de-Copie-de-Vert-avec-Icone-de-Globe-Jeunes-Reseautage-Conference-Affiche-1448x2048.jpg 1448w, https:\/\/amare-mediation.fr\/wp-content\/uploads\/2026\/04\/Copie-de-Copie-de-Vert-avec-Icone-de-Globe-Jeunes-Reseautage-Conference-Affiche.jpg 1587w\" sizes=\"(max-width: 724px) 100vw, 724px\" \/><\/figure>\n\n\n\n<div class=\"wp-block-group alignfull has-global-padding is-layout-constrained wp-container-core-group-is-layout-19e250f3 wp-block-group-is-layout-constrained\">\n<div class=\"wp-block-columns alignwide is-layout-flex wp-container-core-columns-is-layout-28f84493 wp-block-columns-is-layout-flex\">\n<div class=\"wp-block-column is-vertically-aligned-center is-layout-flow wp-block-column-is-layout-flow\" style=\"flex-basis:72%\">\n<p class=\"has-custom-color-7-color has-text-color has-link-color has-body-font-family wp-elements-e90dd8a5c69f828d35a44bcadca57155\" style=\"font-size:clamp(28.836px, 1.802rem + ((1vw - 3.2px) * 2.205), 50px);\"><strong>ATELIER D\u00e9couverte Enn\u00e9agramme<\/strong> &#8211; <strong>Dur\u00e9e : 3h30<\/strong><\/p>\n\n\n\n<p style=\"font-size:clamp(16.293px, 1.018rem + ((1vw - 3.2px) * 0.907), 25px);\"><strong><em>PUBLIC : tout public, pas de pr\u00e9-requis<\/em><\/strong><\/p>\n\n\n\n<p style=\"font-size:clamp(18.959px, 1.185rem + ((1vw - 3.2px) * 1.15), 30px);\"><strong>MIEUX SE COMPRENDRE&#8230;MIEUX COMPRENDRE LES AUTRES<\/strong><\/p>\n\n\n\n<ul class=\"wp-block-list\">\n<li style=\"font-size:clamp(18.959px, 1.185rem + ((1vw - 3.2px) * 1.15), 30px);\">D\u00e9couvrir les <strong>9 profils de personnalit\u00e9 de l\u2019 enn\u00e9agramme<\/strong><\/li>\n\n\n\n<li style=\"font-size:clamp(18.959px, 1.185rem + ((1vw - 3.2px) * 1.15), 30px);\">Identifier vos modes de fonctionnement habituels<\/li>\n\n\n\n<li style=\"font-size:clamp(18.959px, 1.185rem + ((1vw - 3.2px) * 1.15), 30px);\">D\u00e9velopper vos ressources et vos points d\u2019appui<\/li>\n\n\n\n<li style=\"font-size:clamp(18.959px, 1.185rem + ((1vw - 3.2px) * 1.15), 30px);\">Explorer des pistes pour am\u00e9liorer vos relations<\/li>\n<\/ul>\n\n\n\n<p><strong>Cet atelier s\u2019adresse \u00e0 toute personne qui souhaite :<\/strong><\/p>\n\n\n\n<ul class=\"wp-block-list\">\n<li>mieux se conna\u00eetre<\/li>\n\n\n\n<li>am\u00e9liorer ses relations<\/li>\n\n\n\n<li>prendre du recul sur ses fonctionnements<\/li>\n\n\n\n<li>ou simplement d\u00e9couvrir l\u2019 enn\u00e9agramme.<\/li>\n<\/ul>\n\n\n\n<p>Un temps <strong>accessible, concret et bienveillant<\/strong>, alternant apports simples et \u00e9changes.<\/p>\n\n\n\n<p><strong>Ouvert \u00e0 tous \u2013 aucune connaissance pr\u00e9alable n\u00e9cessaire<\/strong><\/p>\n\n\n\n<p>Un moment pour prendre du recul, mieux vous conna\u00eetre et porter un regard nouveau sur vous-m\u00eame et les autres.<\/p>\n\n\n\n<p>Places limit\u00e9es, inscription obligatoire, 40 \u20ac par personne<\/p>\n\n\n\n<div class=\"wp-block-buttons is-layout-flex wp-block-buttons-is-layout-flex\">\n<div class=\"wp-block-button\"><a class=\"wp-block-button__link has-contrast-color has-custom-color-4-background-color has-text-color has-background has-link-color has-custom-font-size wp-element-button\" href=\"https:\/\/www.helloasso.com\/associations\/amare-mediation\/evenements\/inscription-atelier-decouverte-des-enneagrammes\" style=\"font-size:clamp(16.293px, 1.018rem + ((1vw - 3.2px) * 0.907), 25px);\">INSCRIPTION SESSION 06\/06\/2026 &#8211; 9h00<\/a><\/div>\n<\/div>\n<\/div>\n<\/div>\n<\/div>\n\n\n\n<p><\/p>\n","protected":false},"excerpt":{"rendered":"<p>ATELIER D\u00e9couverte Enn\u00e9agramme &#8211; Dur\u00e9e : 3h30 PUBLIC : tout public, pas de pr\u00e9-requis MIEUX SE COMPRENDRE&#8230;MIEUX COMPRENDRE LES AUTRES Cet atelier s\u2019adresse \u00e0 toute personne qui souhaite : Un temps accessible, concret et bienveillant, alternant apports simples et \u00e9changes. Ouvert \u00e0 tous \u2013 aucune connaissance pr\u00e9alable n\u00e9cessaire Un moment pour prendre du recul, mieux vous conna\u00eetre et porter un regard nouveau sur vous-m\u00eame et les autres. Places limit\u00e9es, inscription obligatoire, 40 \u20ac par personne<\/p>\n","protected":false},"author":1,"featured_media":0,"parent":0,"menu_order":0,"comment_status":"closed","ping_status":"closed","template":"","meta":{"_uag_custom_page_level_css":"","footnotes":""},"class_list":["post-565","page","type-page","status-publish","hentry"],"uagb_featured_image_src":{"full":false,"thumbnail":false,"medium":false,"medium_large":false,"large":false,"1536x1536":false,"2048x2048":false},"uagb_author_info":{"display_name":"AMARE","author_link":"https:\/\/amare-mediation.fr\/index.php\/author\/amare\/"},"uagb_comment_info":0,"uagb_excerpt":"ATELIER D\u00e9couverte Enn\u00e9agramme &#8211; Dur\u00e9e : 3h30 PUBLIC : tout public, pas de pr\u00e9-requis MIEUX SE COMPRENDRE&#8230;MIEUX COMPRENDRE LES AUTRES Cet atelier s\u2019adresse \u00e0 toute personne qui souhaite : Un temps accessible, concret et bienveillant, alternant apports simples et \u00e9changes. Ouvert \u00e0 tous \u2013 aucune connaissance pr\u00e9alable n\u00e9cessaire Un moment pour prendre du recul, mieux&hellip;","_links":{"self":[{"href":"https:\/\/amare-mediation.fr\/index.php\/wp-json\/wp\/v2\/pages\/565","targetHints":{"allow":["GET"]}}],"collection":[{"href":"https:\/\/amare-mediation.fr\/index.php\/wp-json\/wp\/v2\/pages"}],"about":[{"href":"https:\/\/amare-mediation.fr\/index.php\/wp-json\/wp\/v2\/types\/page"}],"author":[{"embeddable":true,"href":"https:\/\/amare-mediation.fr\/index.php\/wp-json\/wp\/v2\/users\/1"}],"replies":[{"embeddable":true,"href":"https:\/\/amare-mediation.fr\/index.php\/wp-json\/wp\/v2\/comments?post=565"}],"version-history":[{"count":7,"href":"https:\/\/amare-mediation.fr\/index.php\/wp-json\/wp\/v2\/pages\/565\/revisions"}],"predecessor-version":[{"id":659,"href":"https:\/\/amare-mediation.fr\/index.php\/wp-json\/wp\/v2\/pages\/565\/revisions\/659"}],"wp:attachment":[{"href":"https:\/\/amare-mediation.fr\/index.php\/wp-json\/wp\/v2\/media?parent=565"}],"curies":[{"name":"wp","href":"https:\/\/api.w.org\/{rel}","templated":true}]}}