{"id":384,"date":"2025-09-04T10:54:57","date_gmt":"2025-09-04T08:54:57","guid":{"rendered":"https:\/\/amare-mediation.fr\/?page_id=384"},"modified":"2025-09-04T10:54:57","modified_gmt":"2025-09-04T08:54:57","slug":"politique-de-confidentialite-et-cgu","status":"publish","type":"page","link":"https:\/\/amare-mediation.fr\/index.php\/politique-de-confidentialite-et-cgu\/","title":{"rendered":"POLITIQUE DE CONFIDENTIALIT\u00c9 et CGU"},"content":{"rendered":"\n<figure class=\"wp-block-image alignleft is-resized is-style-rounded is-style-rounded--1\"><img decoding=\"async\" src=\"https:\/\/amaremediation.wordpress.com\/wp-content\/uploads\/2025\/06\/modern-coding-desktop.jpeg?w=1024\" alt=\"Cette image a un attribut alt vide\u00a0; le nom du fichier est modern-coding-desktop.jpeg\" style=\"width:330px;height:auto\"\/><\/figure>\n\n\n\n<div class=\"wp-block-group is-nowrap is-layout-flex wp-container-core-group-is-layout-6c531013 wp-block-group-is-layout-flex\">\n<\/p>\n<\/div>\n\n\n<\/p>\n\n<p><strong>POLITIQUE DE CONFIDENTIALIT\u00c9<\/strong><\/p>\n<p>Le but de cette politique de confidentialit\u00e9 est d&#8217;informer les utilisateurs de notre site des donn\u00e9es personnelles que nous recueillons ainsi que des informations suivantes, le cas \u00e9ch\u00e9ant :<\/p>\n<ol>\n<li>Les donn\u00e9es personnelles que nous recueillerons<\/li>\n<li>L\u2019utilisation des donn\u00e9es recueillies<\/li>\n<li>Qui a acc\u00e8s aux donn\u00e9es recueillies<\/li>\n<li>Les droits des utilisateurs du site<\/li>\n<li>La politique de cookies du site<\/li>\n<\/ol>\n<p>Cette politique de confidentialit\u00e9 s&#8217;applique en compl\u00e9ment des conditions g\u00e9n\u00e9rales d\u2019utilisation de notre site.<\/p>\n<p><strong><u>Lois applicables<\/u><\/strong><\/p>\n<p>Conform\u00e9ment au <em>R\u00e8glement g\u00e9n\u00e9ral sur la protection des donn\u00e9es<\/em> (RGPD), cette politique de confidentialit\u00e9 est conforme aux normes suivantes.<br \/><br \/>Les donn\u00e9es \u00e0 caract\u00e8re personnel doivent \u00eatre :<\/p>\n<ol>\n<li>trait\u00e9es de mani\u00e8re licite, loyale et transparente au regard de la personne concern\u00e9e (lic\u00e9it\u00e9, loyaut\u00e9, transparence) ;<\/li>\n<li>collect\u00e9es pour des finalit\u00e9s d\u00e9termin\u00e9es, explicites et l\u00e9gitimes, et ne pas \u00eatre trait\u00e9es ult\u00e9rieurement d&#8217;une mani\u00e8re incompatible avec ces finalit\u00e9s; le traitement ult\u00e9rieur \u00e0 des fins archivistiques dans l&#8217;int\u00e9r\u00eat public, \u00e0 des fins de recherche scientifique ou historique ou \u00e0 des fins statistiques n&#8217;est pas consid\u00e9r\u00e9, conform\u00e9ment \u00e0 l&#8217;article 89, paragraphe 1, comme incompatible avec les finalit\u00e9s initiales (limitation des finalit\u00e9s) ;<\/li>\n<li>ad\u00e9quates, pertinentes et limit\u00e9es \u00e0 ce qui est n\u00e9cessaire au regard des finalit\u00e9s pour lesquelles elles sont trait\u00e9es (minimisation des donn\u00e9es) ;<\/li>\n<li>exactes et, si n\u00e9cessaire, tenues \u00e0 jour; toutes les mesures raisonnables doivent \u00eatre prises pour que les donn\u00e9es \u00e0 caract\u00e8re personnel qui sont inexactes, eu \u00e9gard aux finalit\u00e9s pour lesquelles elles sont trait\u00e9es, soient effac\u00e9es ou rectifi\u00e9es sans tarder (exactitude) ;<\/li>\n<li>conserv\u00e9es sous une forme permettant l&#8217;identification des personnes concern\u00e9es pendant une dur\u00e9e n&#8217;exc\u00e9dant pas celle n\u00e9cessaire au regard des finalit\u00e9s pour lesquelles elles sont trait\u00e9es; les donn\u00e9es \u00e0 caract\u00e8re personnel peuvent \u00eatre conserv\u00e9es pour des dur\u00e9es plus longues dans la mesure o\u00f9 elles seront trait\u00e9es exclusivement \u00e0 des fins archivistiques dans l&#8217;int\u00e9r\u00eat public, \u00e0 des fins de recherche scientifique ou historique ou \u00e0 des fins statistiques conform\u00e9ment \u00e0 l&#8217;article 89, paragraphe 1, pour autant que soient mises en \u0153uvre les mesures techniques et organisationnelles appropri\u00e9es requises par le r\u00e8glement afin de garantir les droits et libert\u00e9s de la personne concern\u00e9e (limitation de la conservation) ;<\/li>\n<li>trait\u00e9es de fa\u00e7on \u00e0 garantir une s\u00e9curit\u00e9 appropri\u00e9e des donn\u00e9es \u00e0 caract\u00e8re personnel, y compris la protection contre le traitement non autoris\u00e9 ou illicite et contre la perte, la destruction ou les d\u00e9g\u00e2ts d&#8217;origine accidentelle, \u00e0 l&#8217;aide de mesures techniques ou organisationnelles appropri\u00e9es (int\u00e9grit\u00e9 et confidentialit\u00e9).<\/li>\n<\/ol>\n<p>Le traitement n&#8217;est licite que si, et dans la mesure o\u00f9, au moins une des conditions suivantes est remplie :<\/p>\n<ol>\n<li>la personne concern\u00e9e a consenti au traitement de ses donn\u00e9es \u00e0 caract\u00e8re personnel pour une ou plusieurs finalit\u00e9s sp\u00e9cifiques ;<\/li>\n<li>le traitement est n\u00e9cessaire \u00e0 l&#8217;ex\u00e9cution d&#8217;un contrat auquel la personne concern\u00e9e est partie ou \u00e0 l&#8217;ex\u00e9cution de mesures pr\u00e9contractuelles prises \u00e0 la demande de celle-ci ;<\/li>\n<li>le traitement est n\u00e9cessaire au respect d&#8217;une obligation l\u00e9gale \u00e0 laquelle le responsable du traitement est soumis ;<\/li>\n<li>le traitement est n\u00e9cessaire \u00e0 la sauvegarde des int\u00e9r\u00eats vitaux de la personne concern\u00e9e ou d&#8217;une autre personne physique ;<\/li>\n<li>le traitement est n\u00e9cessaire \u00e0 l&#8217;ex\u00e9cution d&#8217;une mission d&#8217;int\u00e9r\u00eat public ou relevant de l&#8217;exercice de l&#8217;autorit\u00e9 publique dont est investi le responsable du traitement ;<\/li>\n<li>le traitement est n\u00e9cessaire aux fins des int\u00e9r\u00eats l\u00e9gitimes poursuivis par le responsable du traitement ou par un tiers, \u00e0 moins que ne pr\u00e9valent les int\u00e9r\u00eats ou les libert\u00e9s et droits fondamentaux de la personne concern\u00e9e qui exigent une protection des donn\u00e9es \u00e0 caract\u00e8re personnel, notamment lorsque la personne concern\u00e9e est un enfant.<\/li>\n<\/ol>\n<p>Pour les r\u00e9sidents de l\u2019\u00c9tat de Californie, cette politique de confidentialit\u00e9 vise \u00e0 se conformer \u00e0 la <em>California Consumer Privacy Act (CCPA)<\/em>. S\u2019il y a des incoh\u00e9rences entre ce document et la <em>CCPA<\/em>, la l\u00e9gislation de l\u2019\u00c9tat s\u2019appliquera. Si nous constatons des incoh\u00e9rences, nous modifierons notre politique pour nous conformer \u00e0 la loi pertinente.<\/p>\n<p><strong><u>Consentement<\/u><\/strong><br \/><br \/>Les utilisateurs conviennent qu\u2019en utilisant notre site, ils acceptent :<\/p>\n<ol>\n<li>les conditions \u00e9nonc\u00e9es dans la pr\u00e9sente politique de confidentialit\u00e9 et<\/li>\n<li>la collecte, l\u2019utilisation et la conservation des donn\u00e9es \u00e9num\u00e9r\u00e9es dans la pr\u00e9sente politique.<\/li>\n<\/ol>\n<p><strong><u>Donn\u00e9es personnelles que nous collectons<\/u><\/strong><\/p>\n<p><strong>Donn\u00e9es collect\u00e9es automatiquement<\/strong><\/p>\n<p>Nous ne collectons aucune donn\u00e9e automatiquement sur notre site.<\/p>\n<p><strong>Donn\u00e9es recueillies de fa\u00e7on non automatique<\/strong><\/p>\n<p>Nous pouvons \u00e9galement collecter les donn\u00e9es suivantes lorsque vous effectuez certaines fonctions sur notre site\u00a0:<\/p>\n<ol>\n<li>Pr\u00e9nom et nom<\/li>\n<li>Email<\/li>\n<li>Num\u00e9ro de t\u00e9l\u00e9phone<\/li>\n<\/ol>\n<p>Ces donn\u00e9es peuvent \u00eatre recueillies au moyen des m\u00e9thodes suivantes\u00a0:<\/p>\n<p>Formulaire de contact<\/p>\n<p>Veuillez noter que nous ne collectons que les donn\u00e9es qui nous aident \u00e0 atteindre l\u2019objectif \u00e9nonc\u00e9 dans cette politique de confidentialit\u00e9. Nous ne recueillerons pas de donn\u00e9es suppl\u00e9mentaires sans vous en informer au pr\u00e9alable.<\/p>\n<p><strong><u>Comment nous utilisons les donn\u00e9es personnelles<\/u><\/strong><br \/><br \/>Les donn\u00e9es personnelles recueillies sur notre site seront utilis\u00e9es uniquement aux fins pr\u00e9cis\u00e9es dans la pr\u00e9sente politique ou indiqu\u00e9es sur les pages pertinentes de notre site. Nous n\u2019utiliserons pas vos donn\u00e9es au-del\u00e0 de ce que nous divulguerons.<\/p>\n<p>Les donn\u00e9es que nous recueillons lorsque l\u2019utilisateur ex\u00e9cute certaines fonctions peuvent \u00eatre utilis\u00e9es aux fins suivantes\u00a0:<\/p>\n<ol>\n<li>Demande d&#8217;informations<\/li>\n<\/ol>\n<p><strong><u>Avec qui nous partageons les donn\u00e9es personnelles<\/u><\/strong><\/p>\n<p><strong>Employ\u00e9s<\/strong><br \/>Nous pouvons divulguer \u00e0 tout membre de notre organisation les donn\u00e9es utilisateur dont ce membre a raisonnablement besoin pour r\u00e9aliser les objectifs \u00e9nonc\u00e9s dans la pr\u00e9sente politique.<\/p>\n<p><strong>Tierces parties<\/strong><\/p>\n<p>Les tiers ne seront pas en mesure d\u2019acc\u00e9der aux donn\u00e9es des utilisateurs au-del\u00e0 de ce qui est raisonnablement n\u00e9cessaire pour atteindre l\u2019objectif donn\u00e9.<\/p>\n<p><strong>Autres divulgations<\/strong><br \/>Nous nous engageons \u00e0 ne pas vendre ou partager vos donn\u00e9es avec des tiers, sauf dans les cas suivants\u00a0:<\/p>\n<ol>\n<li>si la loi l&#8217;exige<\/li>\n<li>si elle est requise pour toute proc\u00e9dure judiciaire<\/li>\n<li>pour prouver ou prot\u00e9ger nos droits l\u00e9gaux<\/li>\n<\/ol>\n<p>Si vous consultez des hyperliens de notre site vers un autre site, veuillez noter que nous ne sommes pas responsables et n\u2019avons pas de contr\u00f4le sur leurs politiques et pratiques de confidentialit\u00e9.<\/p>\n<p><strong><u>Combien de temps nous stockons les donn\u00e9es personnelles<\/u><\/strong><br \/><br \/>Les donn\u00e9es personnelles sont conserv\u00e9es aussi longtemps que n\u00e9cessaire pour les fins pour lesquelles elles ont \u00e9t\u00e9 collect\u00e9es, ou pour se conformer \u00e0 nos obligations l\u00e9gales. Une fois cette dur\u00e9e \u00e9coul\u00e9e, les donn\u00e9es seront supprim\u00e9es de mani\u00e8re s\u00e9curis\u00e9e.<\/p>\n<p><strong><u>Comment nous prot\u00e9geons vos donn\u00e9es personnelles<\/u><\/strong><br \/><br \/>Bien que nous prenions toutes les pr\u00e9cautions raisonnables pour s\u00e9curiser les donn\u00e9es de nos utilisateurs et garantir leur protection, il subsiste toujours un certain risque. L&#8217;Internet dans son ensemble peut parfois pr\u00e9senter des vuln\u00e9rabilit\u00e9s, et il nous est donc impossible d&#8217;assurer une s\u00e9curit\u00e9 absolue des donn\u00e9es des utilisateurs au-del\u00e0 de ce qui est raisonnablement r\u00e9alisable.<br \/><br \/>En cas de violation de la s\u00e9curit\u00e9 affectant vos renseignements personnels, nous vous en informerons conform\u00e9ment aux obligations l\u00e9gales et prendrons les mesures n\u00e9cessaires pour en limiter les risques.<\/p>\n<p><strong><u>Mineurs<\/u><\/strong><\/p>\n<p>Le RGPD pr\u00e9cise que les personnes de moins de 15 ans sont consid\u00e9r\u00e9es comme des mineurs aux fins de la collecte de donn\u00e9es. Les mineurs doivent avoir le consentement d\u2019un repr\u00e9sentant l\u00e9gal pour que leurs donn\u00e9es soient recueillies, trait\u00e9es et utilis\u00e9es.<\/p>\n<p><strong><u>Vos droits en tant qu\u2019utilisateur<\/u><\/strong><\/p>\n<p>En vertu du RGPD, les utilisateurs ont les droits suivants sur leurs donn\u00e9es en tant que personnes concern\u00e9es :<\/p>\n<ol>\n<li>droit d\u2019acc\u00e8s<\/li>\n<li>droit de rectification<\/li>\n<li>droit \u00e0 l\u2019effacement<\/li>\n<li>droit de restreindre le traitement<\/li>\n<li>droit \u00e0 la portabilit\u00e9 des donn\u00e9es<\/li>\n<li>droit d&#8217;objection<\/li>\n<\/ol>\n<p>Vous trouverez de plus amples informations sur ces droits au chapitre 3 (article 12-23) du RGPD.<\/p>\n<p><strong><u>Comment modifier, supprimer ou contester les donn\u00e9es recueillies<\/u><\/strong><br \/><br \/>Si vous souhaitez que vos renseignements soient supprim\u00e9s ou modifi\u00e9s de nos fichiers, veuillez nous en faire la demande en nous \u00e9crivant ou en nous adressant un mail \u00e0 : asso.amare@gmail.com<\/p>\n<p><strong><u>Modifications<\/u><\/strong><\/p>\n<p>Cette politique de confidentialit\u00e9 peut \u00eatre modifi\u00e9e afin de maintenir la conformit\u00e9 avec la loi et de tenir compte de tout changement \u00e0 notre processus de collecte de donn\u00e9es. Nous recommandons \u00e0 nos utilisateurs de v\u00e9rifier notre politique de confidentialit\u00e9 r\u00e9guli\u00e8rement pour s\u2019assurer qu\u2019ils soient inform\u00e9s de toute mise \u00e0 jour. Au besoin, nous pouvons informer les utilisateurs par courriel des changements apport\u00e9s \u00e0 cette politique.<\/p>\n<p><strong><u>Contact<\/u><\/strong><\/p>\n<p>Si vous avez des questions, n\u2019h\u00e9sitez pas \u00e0 nous solliciter\u00a0:<br \/>Par t\u00e9l\u00e9phone\u00a0: 05 59 51 01 89<br \/>Par mail\u00a0: asso.amare@gmail.com<br \/>Par courrier\u00a0: AMARE &#8211; CCI PAYS BASQUE &#8211; 1, rue de Donzac 64100 BAYONNE<\/p>\n\n\n<figure class=\"wp-block-image alignright size-large is-resized is-style-rounded is-style-rounded--2\"><img decoding=\"async\" src=\"https:\/\/amaremediation.wordpress.com\/wp-content\/uploads\/2025\/06\/professional-handshake.jpeg?w=1024\" alt=\"\" class=\"wp-image-298\" style=\"width:229px;height:auto\"\/><figcaption class=\"wp-element-caption\">source : sam schwartz https:\/\/www.lummi.ai\/photo\/professional-handshake-pud9y<\/figcaption><\/figure>\n\n\n<p><strong>CONDITIONS GENERALES D&#8217;UTILISATION<\/strong><\/p>\n<p>Les pr\u00e9sentes conditions g\u00e9n\u00e9rales r\u00e9gissent l\u2019utilisation de ce site <em>www.amare-mediation.fr<\/em>.<br \/>Ce site appartient et est g\u00e9r\u00e9 par l&#8217;ASSOCIATION AMARE<br \/>En utilisant ce site, vous indiquez que vous avez lu et compris les conditions d\u2019utilisation et que vous acceptez de les respecter en tout temps.<br \/><br \/><\/p>\n<p><strong><u>Propri\u00e9t\u00e9 intellectuelle<\/u><\/strong><br \/><br \/>Tout contenu publi\u00e9 et mis \u00e0 disposition sur ce site est la propri\u00e9t\u00e9 de ASSOCIATION AMARE et de ses cr\u00e9ateurs. Cela comprend, mais n\u2019est pas limit\u00e9 aux images, textes, logos, documents, fichiers t\u00e9l\u00e9chargeables et tout ce qui contribue \u00e0 la composition de ce site.<\/p>\n<p><strong><u>Limitation de responsabilit\u00e9<\/u><\/strong><br \/><br \/>ASSOCIATION AMARE ou l\u2019un de ses employ\u00e9s sera tenu responsable de tout probl\u00e8me d\u00e9coulant de ce site. N\u00e9anmoins, ASSOCIATION AMARE et ses employ\u00e9s ne seront pas tenus responsables de tout probl\u00e8me d\u00e9coulant de toute utilisation irr\u00e9guli\u00e8re de ce site.<\/p>\n<p><strong><u>Indemnit\u00e9<\/u><\/strong><br \/><br \/>En tant qu\u2019utilisateur, vous indemnisez par les pr\u00e9sentes ASSOCIATION AMARE de toute responsabilit\u00e9, de tout co\u00fbt, de toute cause d\u2019action, de tout dommage ou de toute d\u00e9pense d\u00e9coulant de votre utilisation de ce site ou de votre violation de l\u2019une des dispositions \u00e9nonc\u00e9es dans le pr\u00e9sent document.<\/p>\n<p><strong><u>Lois applicables<\/u><\/strong><br \/><br \/>Ce document est soumis aux lois applicables en France et vise \u00e0 se conformer \u00e0 ses r\u00e8gles et r\u00e8glements n\u00e9cessaires. Cela inclut la r\u00e9glementation \u00e0 l\u2019\u00e9chelle de l\u2019UE \u00e9nonc\u00e9e dans le RGPD.<\/p>\n<p><strong><u>Divisibilit\u00e9<\/u><\/strong><br \/><br \/>Si, \u00e0 tout moment, l\u2019une des dispositions \u00e9nonc\u00e9es dans le pr\u00e9sent document est jug\u00e9e incompatible ou invalide en vertu des lois applicables, ces dispositions seront consid\u00e9r\u00e9es comme nulles et seront retir\u00e9es du pr\u00e9sent document. Toutes les autres dispositions ne seront pas touch\u00e9es par les lois et le reste du document sera toujours consid\u00e9r\u00e9 comme valide.<\/p>\n<p><strong><u>Modifications<\/u><\/strong><br \/><br \/>Ces conditions g\u00e9n\u00e9rales peuvent \u00eatre modifi\u00e9es de temps \u00e0 autre afin de maintenir le respect de la loi et de refl\u00e9ter tout changement \u00e0 la fa\u00e7on dont nous g\u00e9rons notre site et la fa\u00e7on dont nous nous attendons \u00e0 ce que les utilisateurs se comportent sur notre site. Nous recommandons \u00e0 nos utilisateurs de v\u00e9rifier ces conditions g\u00e9n\u00e9rales de temps \u00e0 autre pour s\u2019assurer qu\u2019ils sont inform\u00e9s de toute mise \u00e0 jour. Au besoin, nous informerons les utilisateurs par courriel des changements apport\u00e9s \u00e0 ces conditions ou nous afficherons un avis sur notre site.<\/p>\n<p><strong><u>Contact<\/u><\/strong><br \/><br \/>Veuillez communiquer avec nous si vous avez des questions ou des pr\u00e9occupations. Nos coordonn\u00e9es sont les suivantes :<br \/>05 59 51 01 89<br \/>asso.amare@gmail.com<br \/>AMARE &#8211; CCI PAYS BASQUE &#8211; 1, rue de Donzac<\/p>\n<p><em>Date d&#8217;entr\u00e9e en vigueur : <\/em>le 01\/09\/2025<\/p>","protected":false},"excerpt":{"rendered":"<p>POLITIQUE DE CONFIDENTIALIT\u00c9 Le but de cette politique de confidentialit\u00e9 est d&#8217;informer les utilisateurs de notre site des donn\u00e9es personnelles que nous recueillons ainsi que des informations suivantes, le cas \u00e9ch\u00e9ant : Les donn\u00e9es personnelles que nous recueillerons L\u2019utilisation des donn\u00e9es recueillies Qui a acc\u00e8s aux donn\u00e9es recueillies Les droits des utilisateurs du site La politique de cookies du site Cette politique de confidentialit\u00e9 s&#8217;applique en compl\u00e9ment des conditions g\u00e9n\u00e9rales d\u2019utilisation de notre site. Lois applicables Conform\u00e9ment au R\u00e8glement g\u00e9n\u00e9ral sur la protection des donn\u00e9es (RGPD), cette politique de confidentialit\u00e9 est conforme aux normes suivantes. Les donn\u00e9es \u00e0 caract\u00e8re personnel doivent \u00eatre : trait\u00e9es de mani\u00e8re licite, loyale et transparente au regard de la personne concern\u00e9e (lic\u00e9it\u00e9, loyaut\u00e9, transparence) ; collect\u00e9es pour des finalit\u00e9s d\u00e9termin\u00e9es, explicites et l\u00e9gitimes, et ne pas \u00eatre trait\u00e9es ult\u00e9rieurement d&#8217;une mani\u00e8re incompatible avec ces finalit\u00e9s; le traitement ult\u00e9rieur \u00e0 des fins archivistiques dans l&#8217;int\u00e9r\u00eat public, \u00e0 des fins de recherche scientifique ou historique ou \u00e0 des fins statistiques n&#8217;est pas consid\u00e9r\u00e9, conform\u00e9ment \u00e0 l&#8217;article 89, paragraphe 1, comme incompatible avec les finalit\u00e9s initiales (limitation des finalit\u00e9s) ; ad\u00e9quates, pertinentes et limit\u00e9es \u00e0 ce qui est n\u00e9cessaire au regard des finalit\u00e9s pour lesquelles elles sont trait\u00e9es (minimisation des donn\u00e9es) ; exactes et, si n\u00e9cessaire, tenues \u00e0 jour; toutes les mesures raisonnables doivent \u00eatre prises pour que les donn\u00e9es \u00e0 caract\u00e8re personnel qui sont inexactes, eu \u00e9gard aux finalit\u00e9s pour lesquelles elles sont trait\u00e9es, soient effac\u00e9es ou rectifi\u00e9es sans tarder (exactitude) ; conserv\u00e9es sous une forme permettant l&#8217;identification des personnes concern\u00e9es pendant une dur\u00e9e n&#8217;exc\u00e9dant pas celle n\u00e9cessaire au regard des finalit\u00e9s pour lesquelles elles sont trait\u00e9es; les donn\u00e9es \u00e0 caract\u00e8re personnel peuvent \u00eatre conserv\u00e9es pour des dur\u00e9es plus longues dans la mesure o\u00f9 elles seront trait\u00e9es exclusivement \u00e0 des fins archivistiques dans l&#8217;int\u00e9r\u00eat public, \u00e0 des fins de recherche scientifique ou historique ou \u00e0 des fins statistiques conform\u00e9ment \u00e0 l&#8217;article 89, paragraphe 1, pour autant que soient mises en \u0153uvre les mesures techniques et organisationnelles appropri\u00e9es requises par le r\u00e8glement afin de garantir les droits et libert\u00e9s de la personne concern\u00e9e (limitation de la conservation) ; trait\u00e9es de fa\u00e7on \u00e0 garantir une s\u00e9curit\u00e9 appropri\u00e9e des donn\u00e9es \u00e0 caract\u00e8re personnel, y compris la protection contre le traitement non autoris\u00e9 ou illicite et contre la perte, la destruction ou les d\u00e9g\u00e2ts d&#8217;origine accidentelle, \u00e0 l&#8217;aide de mesures techniques ou organisationnelles appropri\u00e9es (int\u00e9grit\u00e9 et confidentialit\u00e9). Le traitement n&#8217;est licite que si, et dans la mesure o\u00f9, au moins une des conditions suivantes est remplie : la personne concern\u00e9e a consenti au traitement de ses donn\u00e9es \u00e0 caract\u00e8re personnel pour une ou plusieurs finalit\u00e9s sp\u00e9cifiques ; le traitement est n\u00e9cessaire \u00e0 l&#8217;ex\u00e9cution d&#8217;un contrat auquel la personne concern\u00e9e est partie ou \u00e0 l&#8217;ex\u00e9cution de mesures pr\u00e9contractuelles prises \u00e0 la demande de celle-ci ; le traitement est n\u00e9cessaire au respect d&#8217;une obligation l\u00e9gale \u00e0 laquelle le responsable du traitement est soumis ; le traitement est n\u00e9cessaire \u00e0 la sauvegarde des int\u00e9r\u00eats vitaux de la personne concern\u00e9e ou d&#8217;une autre personne physique ; le traitement est n\u00e9cessaire \u00e0 l&#8217;ex\u00e9cution d&#8217;une mission d&#8217;int\u00e9r\u00eat public ou relevant de l&#8217;exercice de l&#8217;autorit\u00e9 publique dont est investi le responsable du traitement ; le traitement est n\u00e9cessaire aux fins des int\u00e9r\u00eats l\u00e9gitimes poursuivis par le responsable du traitement ou par un tiers, \u00e0 moins que ne pr\u00e9valent les int\u00e9r\u00eats ou les libert\u00e9s et droits fondamentaux de la personne concern\u00e9e qui exigent une protection des donn\u00e9es \u00e0 caract\u00e8re personnel, notamment lorsque la personne concern\u00e9e est un enfant. Pour les r\u00e9sidents de l\u2019\u00c9tat de Californie, cette politique de confidentialit\u00e9 vise \u00e0 se conformer \u00e0 la California Consumer Privacy Act (CCPA). S\u2019il y a des incoh\u00e9rences entre ce document et la CCPA, la l\u00e9gislation de l\u2019\u00c9tat s\u2019appliquera. Si nous constatons des incoh\u00e9rences, nous modifierons notre politique pour nous conformer \u00e0 la loi pertinente. Consentement Les utilisateurs conviennent qu\u2019en utilisant notre site, ils acceptent : les conditions \u00e9nonc\u00e9es dans la pr\u00e9sente politique de confidentialit\u00e9 et la collecte, l\u2019utilisation et la conservation des donn\u00e9es \u00e9num\u00e9r\u00e9es dans la pr\u00e9sente politique. Donn\u00e9es personnelles que nous collectons Donn\u00e9es collect\u00e9es automatiquement Nous ne collectons aucune donn\u00e9e automatiquement sur notre site. Donn\u00e9es recueillies de fa\u00e7on non automatique Nous pouvons \u00e9galement collecter les donn\u00e9es suivantes lorsque vous effectuez certaines fonctions sur notre site\u00a0: Pr\u00e9nom et nom Email Num\u00e9ro de t\u00e9l\u00e9phone Ces donn\u00e9es peuvent \u00eatre recueillies au moyen des m\u00e9thodes suivantes\u00a0: Formulaire de contact Veuillez noter que nous ne collectons que les donn\u00e9es qui nous aident \u00e0 atteindre l\u2019objectif \u00e9nonc\u00e9 dans cette politique de confidentialit\u00e9. Nous ne recueillerons pas de donn\u00e9es suppl\u00e9mentaires sans vous en informer au pr\u00e9alable. Comment nous utilisons les donn\u00e9es personnelles Les donn\u00e9es personnelles recueillies sur notre site seront utilis\u00e9es uniquement aux fins pr\u00e9cis\u00e9es dans la pr\u00e9sente politique ou indiqu\u00e9es sur les pages pertinentes de notre site. Nous n\u2019utiliserons pas vos donn\u00e9es au-del\u00e0 de ce que nous divulguerons. Les donn\u00e9es que nous recueillons lorsque l\u2019utilisateur ex\u00e9cute certaines fonctions peuvent \u00eatre utilis\u00e9es aux fins suivantes\u00a0: Demande d&#8217;informations Avec qui nous partageons les donn\u00e9es personnelles Employ\u00e9sNous pouvons divulguer \u00e0 tout membre de notre organisation les donn\u00e9es utilisateur dont ce membre a raisonnablement besoin pour r\u00e9aliser les objectifs \u00e9nonc\u00e9s dans la pr\u00e9sente politique. Tierces parties Les tiers ne seront pas en mesure d\u2019acc\u00e9der aux donn\u00e9es des utilisateurs au-del\u00e0 de ce qui est raisonnablement n\u00e9cessaire pour atteindre l\u2019objectif donn\u00e9. Autres divulgationsNous nous engageons \u00e0 ne pas vendre ou partager vos donn\u00e9es avec des tiers, sauf dans les cas suivants\u00a0: si la loi l&#8217;exige si elle est requise pour toute proc\u00e9dure judiciaire pour prouver ou prot\u00e9ger nos droits l\u00e9gaux Si vous consultez des hyperliens de notre site vers un autre site, veuillez noter que nous ne sommes pas responsables et n\u2019avons pas de contr\u00f4le sur leurs politiques et pratiques de confidentialit\u00e9. Combien de temps nous stockons les donn\u00e9es personnelles Les donn\u00e9es personnelles sont conserv\u00e9es aussi longtemps que n\u00e9cessaire pour les fins pour lesquelles elles ont \u00e9t\u00e9 collect\u00e9es, ou pour se conformer \u00e0 nos obligations l\u00e9gales. Une fois cette dur\u00e9e \u00e9coul\u00e9e, les donn\u00e9es seront supprim\u00e9es de mani\u00e8re s\u00e9curis\u00e9e. Comment nous prot\u00e9geons<\/p>\n","protected":false},"author":1,"featured_media":0,"parent":0,"menu_order":0,"comment_status":"closed","ping_status":"closed","template":"","meta":{"_uag_custom_page_level_css":"","footnotes":""},"class_list":["post-384","page","type-page","status-publish","hentry"],"uagb_featured_image_src":{"full":false,"thumbnail":false,"medium":false,"medium_large":false,"large":false,"1536x1536":false,"2048x2048":false},"uagb_author_info":{"display_name":"AMARE","author_link":"https:\/\/amare-mediation.fr\/index.php\/author\/amare\/"},"uagb_comment_info":0,"uagb_excerpt":"POLITIQUE DE CONFIDENTIALIT\u00c9 Le but de cette politique de confidentialit\u00e9 est d&#8217;informer les utilisateurs de notre site des donn\u00e9es personnelles que nous recueillons ainsi que des informations suivantes, le cas \u00e9ch\u00e9ant : Les donn\u00e9es personnelles que nous recueillerons L\u2019utilisation des donn\u00e9es recueillies Qui a acc\u00e8s aux donn\u00e9es recueillies Les droits des utilisateurs du site La&hellip;","_links":{"self":[{"href":"https:\/\/amare-mediation.fr\/index.php\/wp-json\/wp\/v2\/pages\/384","targetHints":{"allow":["GET"]}}],"collection":[{"href":"https:\/\/amare-mediation.fr\/index.php\/wp-json\/wp\/v2\/pages"}],"about":[{"href":"https:\/\/amare-mediation.fr\/index.php\/wp-json\/wp\/v2\/types\/page"}],"author":[{"embeddable":true,"href":"https:\/\/amare-mediation.fr\/index.php\/wp-json\/wp\/v2\/users\/1"}],"replies":[{"embeddable":true,"href":"https:\/\/amare-mediation.fr\/index.php\/wp-json\/wp\/v2\/comments?post=384"}],"version-history":[{"count":3,"href":"https:\/\/amare-mediation.fr\/index.php\/wp-json\/wp\/v2\/pages\/384\/revisions"}],"predecessor-version":[{"id":395,"href":"https:\/\/amare-mediation.fr\/index.php\/wp-json\/wp\/v2\/pages\/384\/revisions\/395"}],"wp:attachment":[{"href":"https:\/\/amare-mediation.fr\/index.php\/wp-json\/wp\/v2\/media?parent=384"}],"curies":[{"name":"wp","href":"https:\/\/api.w.org\/{rel}","templated":true}]}}