{"id":125,"date":"2025-08-04T10:37:52","date_gmt":"2025-08-04T08:37:52","guid":{"rendered":"https:\/\/amare-mediation.fr\/?page_id=125"},"modified":"2026-04-07T12:40:37","modified_gmt":"2026-04-07T10:40:37","slug":"qui-sommes-nous","status":"publish","type":"page","link":"https:\/\/amare-mediation.fr\/index.php\/qui-sommes-nous\/","title":{"rendered":"QUI SOMMES-NOUS?"},"content":{"rendered":"\n<figure class=\"wp-block-gallery has-nested-images columns-default is-cropped wp-block-gallery-3 is-layout-flex wp-block-gallery-is-layout-flex\">\n<figure class=\"wp-block-image size-large is-resized is-style-rounded is-style-rounded--1\"><img decoding=\"async\" width=\"395\" height=\"105\" data-id=\"40\" src=\"https:\/\/amare-mediation.fr\/wp-content\/uploads\/2025\/06\/logo-cci.png\" alt=\"\" class=\"wp-image-40\" style=\"width:260px;height:auto\" srcset=\"https:\/\/amare-mediation.fr\/wp-content\/uploads\/2025\/06\/logo-cci.png 395w, https:\/\/amare-mediation.fr\/wp-content\/uploads\/2025\/06\/logo-cci-300x80.png 300w\" sizes=\"(max-width: 395px) 100vw, 395px\" \/><\/figure>\n\n\n\n<figure class=\"wp-block-image size-large is-resized is-style-rounded is-style-rounded--2\"><img fetchpriority=\"high\" decoding=\"async\" width=\"277\" height=\"182\" data-id=\"41\" src=\"https:\/\/amare-mediation.fr\/wp-content\/uploads\/2025\/06\/Sans-titre.jpg\" alt=\"\" class=\"wp-image-41\" style=\"width:156px;height:auto\"\/><\/figure>\n<\/figure>\n\n\n\n<h2 class=\"wp-block-heading\">Notre histoire, nos missions<\/h2>\n\n\n\n<div class=\"wp-block-group alignwide is-vertical is-layout-flex wp-container-core-group-is-layout-fe9cc265 wp-block-group-is-layout-flex\">\n<p class=\"has-system-sans-serif-font-family\" style=\"font-size:clamp(0.984rem, 0.984rem + ((1vw - 0.2rem) * 0.86), 1.5rem);text-transform:none\">Cr\u00e9\u00e9e en 2011 par Fran\u00e7oise Mar\u00e9chal Thieullent en partenariat avec la CCI Pays Basque, AMARE regroupe des m\u00e9diateurs et m\u00e9diatrices professionnels ind\u00e9pendants et pluridisciplinaires bas\u00e9s au Pays Basque, pouvant intervenir sur tout le territoire des Pyr\u00e9n\u00e9es Atlantiques, des Landes et au-del\u00e0 selon les dossiers. Notre mission est de r\u00e9gler tout litige et conflit de quelque nature que ce soit, par la voie de la m\u00e9diation qui est un des modes amiables de r\u00e8glement des diff\u00e9rends (MARD) au m\u00eame titre que la concertation, la n\u00e9gociation, l\u2019arbitrage.<\/p>\n\n\n\n<p class=\"has-system-sans-serif-font-family\" style=\"font-size:clamp(0.984rem, 0.984rem + ((1vw - 0.2rem) * 0.86), 1.5rem);text-transform:none\">Notre \u00e9quipe prend en charge toute demande de m\u00e9diation conventionnelle et judiciaire. Inscrits aupr\u00e8s de la Cour d&#8217;Appel de Pau, les m\u00e9diateurs d&#8217;AMARE peuvent \u00eatre mandat\u00e9s par les juridictions lors d&#8217;un proc\u00e8s en cours et par le Juge aux affaires familiales, en particulier \u00e0 Bayonne dans le cadre d&#8217;une ordonnance \u00e0 rencontrer un m\u00e9diateur.<\/p>\n<\/div>\n\n\n\n<div class=\"wp-block-group alignfull has-custom-color-6-background-color has-background has-global-padding is-layout-constrained wp-container-core-group-is-layout-b25ccd55 wp-block-group-is-layout-constrained\" style=\"margin-top:0;margin-bottom:0;padding-top:var(--wp--preset--spacing--50);padding-right:var(--wp--preset--spacing--50);padding-bottom:var(--wp--preset--spacing--50);padding-left:var(--wp--preset--spacing--50)\">\n<h2 class=\"wp-block-heading\">Notre \u00e9quipe <\/h2>\n\n\n\n<p><\/p>\n\n\n\n<div class=\"wp-block-columns alignwide is-layout-flex wp-container-core-columns-is-layout-ff4b9c61 wp-block-columns-is-layout-flex\" style=\"margin-top:0;margin-bottom:0\">\n<div class=\"wp-block-column is-layout-flow wp-container-core-column-is-layout-8a368f38 wp-block-column-is-layout-flow\">\n<figure class=\"wp-block-gallery has-nested-images columns-default is-cropped wp-block-gallery-5 is-layout-flex wp-block-gallery-is-layout-flex\">\n<figure class=\"wp-block-image size-large is-style-rounded is-style-rounded--4\"><img decoding=\"async\" width=\"435\" height=\"635\" data-id=\"220\" src=\"https:\/\/amare-mediation.fr\/wp-content\/uploads\/2025\/06\/SB1-1.jpg\" alt=\"\" class=\"wp-image-220\" style=\"object-fit:cover\" srcset=\"https:\/\/amare-mediation.fr\/wp-content\/uploads\/2025\/06\/SB1-1.jpg 435w, https:\/\/amare-mediation.fr\/wp-content\/uploads\/2025\/06\/SB1-1-206x300.jpg 206w\" sizes=\"(max-width: 435px) 100vw, 435px\" \/><figcaption class=\"wp-element-caption\"><strong>Sylvie LEFORT BERGEZ \/ PR\u00c9SIDENTE<\/strong> &#8211; M\u00e9diatrice g\u00e9n\u00e9raliste, Formation CNV, Intervenante milieu scolaire, Gestion et Pr\u00e9vention des conflits<\/figcaption><\/figure>\n<\/figure>\n\n\n\n<figure class=\"wp-block-gallery has-nested-images columns-default is-cropped wp-block-gallery-7 is-layout-flex wp-block-gallery-is-layout-flex\">\n<figure class=\"wp-block-image size-full is-style-rounded is-style-rounded--6\"><img loading=\"lazy\" decoding=\"async\" width=\"393\" height=\"591\" data-id=\"226\" src=\"https:\/\/amare-mediation.fr\/wp-content\/uploads\/2025\/06\/MI8.jpg\" alt=\"\" class=\"wp-image-226\" style=\"aspect-ratio:2\/3;object-fit:cover\" srcset=\"https:\/\/amare-mediation.fr\/wp-content\/uploads\/2025\/06\/MI8.jpg 393w, https:\/\/amare-mediation.fr\/wp-content\/uploads\/2025\/06\/MI8-199x300.jpg 199w\" sizes=\"(max-width: 393px) 100vw, 393px\" \/><figcaption class=\"wp-element-caption\"><strong>Ma\u00eflys IRIART &#8211; SECRETAIRE<\/strong>, M\u00e9diatrice familiale et g\u00e9n\u00e9raliste, Coach parentale, Auditrice de mineurs, Animatrice de mesures restauratives, Formation CNV<br><\/figcaption><\/figure>\n<\/figure>\n\n\n\n<figure class=\"wp-block-image size-large is-style-rounded is-style-rounded--8\"><img loading=\"lazy\" decoding=\"async\" width=\"424\" height=\"635\" src=\"https:\/\/amare-mediation.fr\/wp-content\/uploads\/2025\/06\/EG3.jpg\" alt=\"\" class=\"wp-image-225\" style=\"object-fit:cover\" srcset=\"https:\/\/amare-mediation.fr\/wp-content\/uploads\/2025\/06\/EG3.jpg 424w, https:\/\/amare-mediation.fr\/wp-content\/uploads\/2025\/06\/EG3-200x300.jpg 200w\" sizes=\"(max-width: 424px) 100vw, 424px\" \/><figcaption class=\"wp-element-caption\"><strong>Emmanuelle GOERGEN<\/strong>, Notaire \u00e0 Bayonne, M\u00e9diatrice g\u00e9n\u00e9raliste <\/figcaption><\/figure>\n<\/div>\n\n\n\n<div class=\"wp-block-column is-layout-flow wp-container-core-column-is-layout-8a368f38 wp-block-column-is-layout-flow\">\n<figure class=\"wp-block-image size-full is-style-rounded is-style-rounded--9\"><img loading=\"lazy\" decoding=\"async\" width=\"374\" height=\"521\" src=\"https:\/\/amare-mediation.fr\/wp-content\/uploads\/2025\/06\/EB1.jpg\" alt=\"\" class=\"wp-image-230\" style=\"aspect-ratio:2\/3;object-fit:cover\" srcset=\"https:\/\/amare-mediation.fr\/wp-content\/uploads\/2025\/06\/EB1.jpg 374w, https:\/\/amare-mediation.fr\/wp-content\/uploads\/2025\/06\/EB1-215x300.jpg 215w\" sizes=\"(max-width: 374px) 100vw, 374px\" \/><figcaption class=\"wp-element-caption\"><strong>Elodie BONNARD \/ VICE &#8211; PR\u00c9SIDENTE<\/strong>, Avocate au Barreau de Bayonne, M\u00e9diatrice g\u00e9n\u00e9raliste, Coaching coparental, Formation CNV, r\u00e9f\u00e9rente MARD Ordre des Avocats de Bayonne<\/figcaption><\/figure>\n\n\n\n<figure class=\"wp-block-image size-full is-style-rounded is-style-rounded--10\"><img loading=\"lazy\" decoding=\"async\" width=\"389\" height=\"625\" src=\"https:\/\/amare-mediation.fr\/wp-content\/uploads\/2025\/06\/CBD1.jpg\" alt=\"\" class=\"wp-image-223\" style=\"aspect-ratio:2\/3;object-fit:cover\" srcset=\"https:\/\/amare-mediation.fr\/wp-content\/uploads\/2025\/06\/CBD1.jpg 389w, https:\/\/amare-mediation.fr\/wp-content\/uploads\/2025\/06\/CBD1-187x300.jpg 187w\" sizes=\"(max-width: 389px) 100vw, 389px\" \/><figcaption class=\"wp-element-caption\"><strong>Carole BONNECAZE DEBAT<\/strong>, Avocate au Barreau de Bayonne, M\u00e9diatrice g\u00e9n\u00e9raliste, Elue municipale.<\/figcaption><\/figure>\n\n\n\n<figure class=\"wp-block-image size-large is-style-rounded is-style-rounded--11\"><img loading=\"lazy\" decoding=\"async\" width=\"411\" height=\"624\" src=\"https:\/\/amare-mediation.fr\/wp-content\/uploads\/2025\/06\/AAD2-1.jpg\" alt=\"\" class=\"wp-image-219\" style=\"object-fit:cover\" srcset=\"https:\/\/amare-mediation.fr\/wp-content\/uploads\/2025\/06\/AAD2-1.jpg 411w, https:\/\/amare-mediation.fr\/wp-content\/uploads\/2025\/06\/AAD2-1-198x300.jpg 198w\" sizes=\"(max-width: 411px) 100vw, 411px\" \/><figcaption class=\"wp-element-caption\"><strong>Agn\u00e8s AGUER DASCON <\/strong>&#8211; Avocate au Barreau de Bayonne, M\u00e9diatrice g\u00e9n\u00e9raliste, M\u00e9diation familiale, Formation CNV<\/figcaption><\/figure>\n<\/div>\n\n\n\n<div class=\"wp-block-column is-layout-flow wp-container-core-column-is-layout-8a368f38 wp-block-column-is-layout-flow\">\n<figure class=\"wp-block-gallery has-nested-images columns-default is-cropped wp-block-gallery-13 is-layout-flex wp-block-gallery-is-layout-flex\">\n<figure class=\"wp-block-image size-full is-style-rounded is-style-rounded--12\"><img loading=\"lazy\" decoding=\"async\" width=\"406\" height=\"669\" data-id=\"228\" src=\"https:\/\/amare-mediation.fr\/wp-content\/uploads\/2025\/06\/FL1.jpg\" alt=\"\" class=\"wp-image-228\" style=\"aspect-ratio:2\/3;object-fit:cover\" srcset=\"https:\/\/amare-mediation.fr\/wp-content\/uploads\/2025\/06\/FL1.jpg 406w, https:\/\/amare-mediation.fr\/wp-content\/uploads\/2025\/06\/FL1-182x300.jpg 182w\" sizes=\"(max-width: 406px) 100vw, 406px\" \/><figcaption class=\"wp-element-caption\"><strong>Florence LANDREAU, TRESORIERE<\/strong> M\u00e9diatrice g\u00e9n\u00e9raliste, M\u00e9diation CNV, Formation M\u00e9diation de groupe, M\u00e9diation d&#8217;entreprise, Module Enn\u00e9agrammes.<\/figcaption><\/figure>\n<\/figure>\n\n\n\n<figure class=\"wp-block-image size-large is-style-rounded is-style-rounded--14\"><img loading=\"lazy\" decoding=\"async\" width=\"473\" height=\"737\" src=\"https:\/\/amare-mediation.fr\/wp-content\/uploads\/2025\/06\/MC1-1.jpg\" alt=\"\" class=\"wp-image-224\" style=\"object-fit:cover\" srcset=\"https:\/\/amare-mediation.fr\/wp-content\/uploads\/2025\/06\/MC1-1.jpg 473w, https:\/\/amare-mediation.fr\/wp-content\/uploads\/2025\/06\/MC1-1-193x300.jpg 193w\" sizes=\"(max-width: 473px) 100vw, 473px\" \/><figcaption class=\"wp-element-caption\"><strong>M\u00e9lanie CONDETTE<\/strong>, Avocate au Barreau de Bayonne, M\u00e9diateur g\u00e9n\u00e9raliste, ancienne r\u00e9f\u00e9rente Commission droit de la famille du Barreau de Bayonne<\/figcaption><\/figure>\n\n\n\n<figure class=\"wp-block-image size-large is-style-rounded is-style-rounded--15\"><img loading=\"lazy\" decoding=\"async\" width=\"367\" height=\"515\" src=\"https:\/\/amare-mediation.fr\/wp-content\/uploads\/2025\/06\/LF2-1.jpg\" alt=\"\" class=\"wp-image-227\" style=\"object-fit:cover\" srcset=\"https:\/\/amare-mediation.fr\/wp-content\/uploads\/2025\/06\/LF2-1.jpg 367w, https:\/\/amare-mediation.fr\/wp-content\/uploads\/2025\/06\/LF2-1-214x300.jpg 214w\" sizes=\"(max-width: 367px) 100vw, 367px\" \/><figcaption class=\"wp-element-caption\"><strong>Louise FRUGIER<\/strong> Assistante juridique, administrative, comptable <\/figcaption><\/figure>\n<\/div>\n<\/div>\n<\/div>\n\n\n\n<figure class=\"wp-block-image aligncenter size-full is-resized is-style-rounded is-style-rounded--16\"><img loading=\"lazy\" decoding=\"async\" width=\"600\" height=\"466\" src=\"https:\/\/amare-mediation.fr\/wp-content\/uploads\/2025\/07\/REUNION.jpg\" alt=\"\" class=\"wp-image-268\" style=\"width:544px;height:auto\" srcset=\"https:\/\/amare-mediation.fr\/wp-content\/uploads\/2025\/07\/REUNION.jpg 600w, https:\/\/amare-mediation.fr\/wp-content\/uploads\/2025\/07\/REUNION-300x233.jpg 300w\" sizes=\"(max-width: 600px) 100vw, 600px\" \/><\/figure>\n\n\n\n<p>Nos bureaux sont situ\u00e9s \u00e0 BIARRITZ, o\u00f9 nous disposons d&#8217;une salle de r\u00e9union afin de vous accueillir dans les meilleures conditions.<\/p>\n","protected":false},"excerpt":{"rendered":"<p>Notre histoire, nos missions Cr\u00e9\u00e9e en 2011 par Fran\u00e7oise Mar\u00e9chal Thieullent en partenariat avec la CCI Pays Basque, AMARE regroupe des m\u00e9diateurs et m\u00e9diatrices professionnels ind\u00e9pendants et pluridisciplinaires bas\u00e9s au Pays Basque, pouvant intervenir sur tout le territoire des Pyr\u00e9n\u00e9es Atlantiques, des Landes et au-del\u00e0 selon les dossiers. Notre mission est de r\u00e9gler tout litige et conflit de quelque nature que ce soit, par la voie de la m\u00e9diation qui est un des modes amiables de r\u00e8glement des diff\u00e9rends (MARD) au m\u00eame titre que la concertation, la n\u00e9gociation, l\u2019arbitrage. Notre \u00e9quipe prend en charge toute demande de m\u00e9diation conventionnelle et judiciaire. Inscrits aupr\u00e8s de la Cour d&#8217;Appel de Pau, les m\u00e9diateurs d&#8217;AMARE peuvent \u00eatre mandat\u00e9s par les juridictions lors d&#8217;un proc\u00e8s en cours et par le Juge aux affaires familiales, en particulier \u00e0 Bayonne dans le cadre d&#8217;une ordonnance \u00e0 rencontrer un m\u00e9diateur. Notre \u00e9quipe Nos bureaux sont situ\u00e9s \u00e0 BIARRITZ, o\u00f9 nous disposons d&#8217;une salle de r\u00e9union afin de vous accueillir dans les meilleures conditions.<\/p>\n","protected":false},"author":1,"featured_media":0,"parent":0,"menu_order":0,"comment_status":"closed","ping_status":"closed","template":"","meta":{"_uag_custom_page_level_css":"","footnotes":""},"class_list":["post-125","page","type-page","status-publish","hentry"],"uagb_featured_image_src":{"full":false,"thumbnail":false,"medium":false,"medium_large":false,"large":false,"1536x1536":false,"2048x2048":false},"uagb_author_info":{"display_name":"AMARE","author_link":"https:\/\/amare-mediation.fr\/index.php\/author\/amare\/"},"uagb_comment_info":0,"uagb_excerpt":"Notre histoire, nos missions Cr\u00e9\u00e9e en 2011 par Fran\u00e7oise Mar\u00e9chal Thieullent en partenariat avec la CCI Pays Basque, AMARE regroupe des m\u00e9diateurs et m\u00e9diatrices professionnels ind\u00e9pendants et pluridisciplinaires bas\u00e9s au Pays Basque, pouvant intervenir sur tout le territoire des Pyr\u00e9n\u00e9es Atlantiques, des Landes et au-del\u00e0 selon les dossiers. Notre mission est de r\u00e9gler tout litige&hellip;","_links":{"self":[{"href":"https:\/\/amare-mediation.fr\/index.php\/wp-json\/wp\/v2\/pages\/125","targetHints":{"allow":["GET"]}}],"collection":[{"href":"https:\/\/amare-mediation.fr\/index.php\/wp-json\/wp\/v2\/pages"}],"about":[{"href":"https:\/\/amare-mediation.fr\/index.php\/wp-json\/wp\/v2\/types\/page"}],"author":[{"embeddable":true,"href":"https:\/\/amare-mediation.fr\/index.php\/wp-json\/wp\/v2\/users\/1"}],"replies":[{"embeddable":true,"href":"https:\/\/amare-mediation.fr\/index.php\/wp-json\/wp\/v2\/comments?post=125"}],"version-history":[{"count":30,"href":"https:\/\/amare-mediation.fr\/index.php\/wp-json\/wp\/v2\/pages\/125\/revisions"}],"predecessor-version":[{"id":649,"href":"https:\/\/amare-mediation.fr\/index.php\/wp-json\/wp\/v2\/pages\/125\/revisions\/649"}],"wp:attachment":[{"href":"https:\/\/amare-mediation.fr\/index.php\/wp-json\/wp\/v2\/media?parent=125"}],"curies":[{"name":"wp","href":"https:\/\/api.w.org\/{rel}","templated":true}]}}