{"id":116,"date":"2025-09-01T10:02:38","date_gmt":"2025-09-01T08:02:38","guid":{"rendered":"https:\/\/amare-mediation.fr\/?page_id=116"},"modified":"2026-04-24T09:29:16","modified_gmt":"2026-04-24T07:29:16","slug":"actualites-et-liens-utiles","status":"publish","type":"page","link":"https:\/\/amare-mediation.fr\/index.php\/actualites-et-liens-utiles\/","title":{"rendered":"ACTUALIT\u00c9S &amp; LIENS UTILES"},"content":{"rendered":"\n<div class=\"wp-block-group alignfull has-accent-4-background-color has-background is-vertical is-content-justification-center is-nowrap is-layout-flex wp-container-core-group-is-layout-c6adff89 wp-block-group-is-layout-flex\" style=\"min-height:100vh;margin-top:0;margin-bottom:0;padding-top:var(--wp--preset--spacing--50);padding-right:var(--wp--preset--spacing--50);padding-bottom:var(--wp--preset--spacing--50);padding-left:var(--wp--preset--spacing--50)\">\n<div class=\"wp-block-group is-layout-flow wp-block-group-is-layout-flow\">\n<p class=\"has-text-align-center\" style=\"font-size:clamp(18.959px, 1.185rem + ((1vw - 3.2px) * 1.15), 30px);\"><strong>D\u00e9velopper la culture de la M\u00e9diation, informer le public et sensibiliser aux modes alternatifs de r\u00e9solution des conflits, est une des missions qu&#8217; AMARE s&#8217;est donn\u00e9e. Ainsi, plusieurs animations et \u00e9v\u00e8nements \u00e0 destination des professionnels, des \u00e9lus et du grand public sont pr\u00e9vus pour l&#8217; ann\u00e9e 2026.<\/strong><\/p>\n\n\n\n<div class=\"wp-block-media-text is-stacked-on-mobile\"><figure class=\"wp-block-media-text__media\"><img fetchpriority=\"high\" decoding=\"async\" width=\"724\" height=\"1024\" src=\"https:\/\/amare-mediation.fr\/wp-content\/uploads\/2026\/01\/VISUEL-V3-GRPES-PAROLE-724x1024.png\" alt=\"\" class=\"wp-image-475 size-full\" srcset=\"https:\/\/amare-mediation.fr\/wp-content\/uploads\/2026\/01\/VISUEL-V3-GRPES-PAROLE-724x1024.png 724w, https:\/\/amare-mediation.fr\/wp-content\/uploads\/2026\/01\/VISUEL-V3-GRPES-PAROLE-212x300.png 212w, https:\/\/amare-mediation.fr\/wp-content\/uploads\/2026\/01\/VISUEL-V3-GRPES-PAROLE-768x1086.png 768w, https:\/\/amare-mediation.fr\/wp-content\/uploads\/2026\/01\/VISUEL-V3-GRPES-PAROLE-1086x1536.png 1086w, https:\/\/amare-mediation.fr\/wp-content\/uploads\/2026\/01\/VISUEL-V3-GRPES-PAROLE-1448x2048.png 1448w, https:\/\/amare-mediation.fr\/wp-content\/uploads\/2026\/01\/VISUEL-V3-GRPES-PAROLE.png 1587w\" sizes=\"(max-width: 724px) 100vw, 724px\" \/><\/figure><div class=\"wp-block-media-text__content\">\n<p class=\"has-custom-color-7-background-color has-background\" style=\"font-size:clamp(15.197px, 0.95rem + ((1vw - 3.2px) * 0.813), 23px);\"><em>Parce que devenir parent peut soulever de nombreuses questions, et qu&#8217;une s\u00e9paration peut rendre cet exercice plus difficile encore, l\u2019association AMARE relance ses groupes de parole : des espaces bienveillants pour d\u00e9poser ce qui se vit, mettre des mots sur ses \u00e9motions et trouver du soutien.<\/em><\/p>\n\n\n\n<p class=\"has-custom-color-7-background-color has-background\" style=\"font-size:clamp(16.293px, 1.018rem + ((1vw - 3.2px) * 0.907), 25px);\"><br><strong>Prochaine date : <\/strong><br>\ud83d\udcc5 Mercredi 20 mai 2026<br>\ud83d\udd55 18h00<br><br>\ud83d\udc6a Destin\u00e9 aux parents s\u00e9par\u00e9s ou en cours de s\u00e9paration<br><br><em>Ces espaces de rencontre et d\u2019\u00e9changes offrent un cadre s\u00e9curisant pour :<br>* partager son exp\u00e9rience sans jugement,<br>* rompre l\u2019isolement,<br>* prendre du recul sur les situations v\u00e9cues,<br>* renforcer ses ressources parentales,<br>* s\u2019appuyer sur l\u2019\u00e9coute du groupe et l\u2019accompagnement propos\u00e9.<\/em><br><br>Places limit\u00e9es, inscription obligatoire<br>Participation : 20 \u20ac par personne<br><br><strong>Un temps pour soi, pour mieux avancer, et pour continuer \u00e0 soutenir une parentalit\u00e9 la plus sereine possible, m\u00eame dans les p\u00e9riodes de transition.<br>Pour plus d\u2019informations ou pour vous inscrire, n\u2019h\u00e9sitez pas \u00e0 nous contacter<\/strong><\/p>\n\n\n\n<div class=\"wp-block-buttons is-layout-flex wp-block-buttons-is-layout-flex\">\n<div class=\"wp-block-button\"><a class=\"wp-block-button__link wp-element-button\" href=\"https:\/\/www.helloasso.com\/associations\/amare-mediation\/evenements\/participation-au-groupe-de-paroles-autour-de-la-parentalite\" target=\"_blank\" rel=\"noreferrer noopener\">INSCRIPTION 20\/05\/2026 \u00e0 18h00<\/a><\/div>\n<\/div>\n<\/div><\/div>\n<\/div>\n\n\n\n<div class=\"wp-block-media-text is-stacked-on-mobile is-vertically-aligned-top\" style=\"grid-template-columns:62% auto\"><figure class=\"wp-block-media-text__media\"><img decoding=\"async\" width=\"724\" height=\"1024\" src=\"https:\/\/amare-mediation.fr\/wp-content\/uploads\/2025\/10\/AFFICHE-CONFERENCE-DEBAT-ARCANGUES-29112025_page-0001-724x1024.jpg\" alt=\"\" class=\"wp-image-439 size-full\" srcset=\"https:\/\/amare-mediation.fr\/wp-content\/uploads\/2025\/10\/AFFICHE-CONFERENCE-DEBAT-ARCANGUES-29112025_page-0001-724x1024.jpg 724w, https:\/\/amare-mediation.fr\/wp-content\/uploads\/2025\/10\/AFFICHE-CONFERENCE-DEBAT-ARCANGUES-29112025_page-0001-212x300.jpg 212w, https:\/\/amare-mediation.fr\/wp-content\/uploads\/2025\/10\/AFFICHE-CONFERENCE-DEBAT-ARCANGUES-29112025_page-0001-768x1086.jpg 768w, https:\/\/amare-mediation.fr\/wp-content\/uploads\/2025\/10\/AFFICHE-CONFERENCE-DEBAT-ARCANGUES-29112025_page-0001-1086x1536.jpg 1086w, https:\/\/amare-mediation.fr\/wp-content\/uploads\/2025\/10\/AFFICHE-CONFERENCE-DEBAT-ARCANGUES-29112025_page-0001-1448x2048.jpg 1448w, https:\/\/amare-mediation.fr\/wp-content\/uploads\/2025\/10\/AFFICHE-CONFERENCE-DEBAT-ARCANGUES-29112025_page-0001-scaled.jpg 1810w\" sizes=\"(max-width: 724px) 100vw, 724px\" \/><\/figure><div class=\"wp-block-media-text__content\">\n<p class=\"has-text-align-center has-contrast-2-color has-custom-color-4-background-color has-text-color has-background has-link-color has-chau-philomene-one-font-family wp-elements-9e470514748799d02a973bcb96b57980\" style=\"font-size:clamp(14px, 0.875rem + ((1vw - 3.2px) * 0.625), 20px);\"><em><em>CYCLE de CONF\u00c9RENCES D\u00c9BAT AUPR\u00c8S DU GRAND PUBLIC  <\/em><\/em><\/p>\n\n\n\n<p class=\"has-text-align-center has-contrast-2-color has-custom-color-4-background-color has-text-color has-background has-link-color has-chau-philomene-one-font-family wp-elements-39e67aebdddaed808046a95fed9dbb16\" style=\"font-size:clamp(14px, 0.875rem + ((1vw - 3.2px) * 0.625), 20px);\">En partenariat avec la Mairie d&#8217; Arcangues, la premi\u00e8re conf\u00e9rence d\u00e9bat sur la M\u00e9diation, \u00e0 destination du Grand Public, et d\u00e9di\u00e9e \u00e0 la D\u00e9couverte de la M\u00e9diation, se tiendra le 29 novembre 2025 \u00e0 la Salle des Associations d&#8217;Arcangues. Ouvert \u00e0 toutes et \u00e0 tous.<\/p>\n\n\n\n<figure class=\"wp-block-image size-full\"><img decoding=\"async\" width=\"373\" height=\"357\" src=\"https:\/\/amare-mediation.fr\/wp-content\/uploads\/2025\/10\/ARCANGUES.png\" alt=\"\" class=\"wp-image-440\" srcset=\"https:\/\/amare-mediation.fr\/wp-content\/uploads\/2025\/10\/ARCANGUES.png 373w, https:\/\/amare-mediation.fr\/wp-content\/uploads\/2025\/10\/ARCANGUES-300x287.png 300w\" sizes=\"(max-width: 373px) 100vw, 373px\" \/><\/figure>\n<\/div><\/div>\n\n\n\n<div class=\"wp-block-media-text is-stacked-on-mobile is-vertically-aligned-top\" style=\"grid-template-columns:46% auto\"><figure class=\"wp-block-media-text__media\"><img loading=\"lazy\" decoding=\"async\" width=\"724\" height=\"1024\" src=\"https:\/\/amare-mediation.fr\/wp-content\/uploads\/2025\/10\/CAFE-RENCONTRE-DE-LA-MEDIATION-14102025-2-724x1024.png\" alt=\"\" class=\"wp-image-431 size-full\" srcset=\"https:\/\/amare-mediation.fr\/wp-content\/uploads\/2025\/10\/CAFE-RENCONTRE-DE-LA-MEDIATION-14102025-2-724x1024.png 724w, https:\/\/amare-mediation.fr\/wp-content\/uploads\/2025\/10\/CAFE-RENCONTRE-DE-LA-MEDIATION-14102025-2-212x300.png 212w, https:\/\/amare-mediation.fr\/wp-content\/uploads\/2025\/10\/CAFE-RENCONTRE-DE-LA-MEDIATION-14102025-2-768x1086.png 768w, https:\/\/amare-mediation.fr\/wp-content\/uploads\/2025\/10\/CAFE-RENCONTRE-DE-LA-MEDIATION-14102025-2-1086x1536.png 1086w, https:\/\/amare-mediation.fr\/wp-content\/uploads\/2025\/10\/CAFE-RENCONTRE-DE-LA-MEDIATION-14102025-2-1448x2048.png 1448w, https:\/\/amare-mediation.fr\/wp-content\/uploads\/2025\/10\/CAFE-RENCONTRE-DE-LA-MEDIATION-14102025-2.png 1587w\" sizes=\"(max-width: 724px) 100vw, 724px\" \/><\/figure><div class=\"wp-block-media-text__content\">\n<p class=\"has-text-align-center has-contrast-2-color has-custom-color-7-background-color has-text-color has-background has-link-color has-chau-philomene-one-font-family wp-elements-e0c3e566b1806a38540b3a6dc25937ff\" style=\"font-size:clamp(14px, 0.875rem + ((1vw - 3.2px) * 0.625), 20px);\"><em>La semaine de la M\u00e9diation approche! L&#8217;\u00e9quipe vous propose un Caf\u00e9-Rencontre de la m\u00e9diation : <\/em><\/p>\n\n\n\n<p class=\"has-text-align-center has-contrast-2-color has-custom-color-7-background-color has-text-color has-background has-link-color has-chau-philomene-one-font-family wp-elements-9cea096c8725f5b80bb4a3797b76da54\" style=\"font-size:clamp(14px, 0.875rem + ((1vw - 3.2px) * 0.625), 20px);\"><em>Mardi 14 Octobre entre 8h30 et 11h00. V\u00e9ritable temps d&#8217;\u00e9changes et de partage avec nos m\u00e9diatrices qui vous pr\u00e9senteront AMARE, nos missions et notre engagement pour le d\u00e9veloppement de la culture de la m\u00e9diation.<br>C&#8217;est \u00e0 la Brasserie des Ar\u00e8nes \u00e0 Bayonne que \u00e7a se passe, un grand merci \u00e0 eux de nous accueillir pour ce moment convivial!<\/em><\/p>\n<\/div><\/div>\n\n\n\n<div class=\"wp-block-columns alignwide are-vertically-aligned-center is-layout-flex wp-container-core-columns-is-layout-47c06fe3 wp-block-columns-is-layout-flex\">\n<div class=\"wp-block-column is-vertically-aligned-center is-layout-flow wp-block-column-is-layout-flow\" style=\"flex-basis:40%\">\n<div class=\"wp-block-group is-layout-flow wp-container-core-group-is-layout-8f7ed23f wp-block-group-is-layout-flow\" style=\"min-height:100%;margin-top:0;margin-bottom:0;padding-right:0;padding-left:0\">\n<h1 class=\"wp-block-heading has-text-align-right\" style=\"margin-right:0;margin-left:calc( var(--wp--preset--spacing--20) * -1);font-size:clamp(5.174rem, 5.174rem + ((1vw - 0.2rem) * 11.377), 12rem);line-height:1;writing-mode:vertical-rl\">RDV<\/h1>\n\n\n\n<div class=\"wp-block-group has-global-padding is-content-justification-left is-layout-constrained wp-container-core-group-is-layout-0207514c wp-block-group-is-layout-constrained\" style=\"padding-right:0;padding-left:0\">\n<p class=\"wp-container-content-0733e5d0\">Int\u00e9ress\u00e9.e par nos animations?<\/p>\n\n\n\n<div class=\"wp-block-buttons is-layout-flex wp-block-buttons-is-layout-flex\">\n<div class=\"wp-block-button is-style-fill\"><a class=\"wp-block-button__link wp-element-button\" href=\"https:\/\/amare-mediation.fr\/?page_id=126\">R\u00e9servez votre place<\/a><\/div>\n<\/div>\n<\/div>\n<\/div>\n<\/div>\n\n\n\n<div class=\"wp-block-column is-vertically-aligned-top is-layout-flow wp-block-column-is-layout-flow\" style=\"flex-basis:60%\">\n<figure class=\"wp-block-image alignright size-large is-style-rounded is-style-rounded--1\"><img loading=\"lazy\" decoding=\"async\" width=\"724\" height=\"1024\" src=\"https:\/\/amare-mediation.fr\/wp-content\/uploads\/2025\/09\/AGENDA-2025-v4-724x1024.jpg\" alt=\"\" class=\"wp-image-406\" style=\"aspect-ratio:3\/4;object-fit:cover\" srcset=\"https:\/\/amare-mediation.fr\/wp-content\/uploads\/2025\/09\/AGENDA-2025-v4-724x1024.jpg 724w, https:\/\/amare-mediation.fr\/wp-content\/uploads\/2025\/09\/AGENDA-2025-v4-212x300.jpg 212w, https:\/\/amare-mediation.fr\/wp-content\/uploads\/2025\/09\/AGENDA-2025-v4-768x1086.jpg 768w, https:\/\/amare-mediation.fr\/wp-content\/uploads\/2025\/09\/AGENDA-2025-v4-1086x1536.jpg 1086w, https:\/\/amare-mediation.fr\/wp-content\/uploads\/2025\/09\/AGENDA-2025-v4.jpg 1240w\" sizes=\"(max-width: 724px) 100vw, 724px\" \/><\/figure>\n<\/div>\n<\/div>\n\n\n\n<h2 class=\"wp-block-heading has-custom-color-3-color has-text-color has-link-color wp-elements-e9bacd10db8c3bc40cc69d059f7b4c1e\"><\/h2>\n\n\n\n<h2 class=\"wp-block-heading\">Pour aller plus loin&#8230;<\/h2>\n<\/div>\n\n\n\n<div class=\"wp-block-columns alignwide is-layout-flex wp-container-core-columns-is-layout-28f84493 wp-block-columns-is-layout-flex\">\n<div class=\"wp-block-column is-layout-flow wp-block-column-is-layout-flow\">\n<figure class=\"wp-block-embed is-type-video is-provider-youtube wp-block-embed-youtube wp-embed-aspect-16-9 wp-has-aspect-ratio\"><div class=\"wp-block-embed__wrapper\">\n<iframe title=\"Les Rendez-Vous de l&#039;expert #4 avec Fran\u00e7oise Mar\u00e9chal Thieullent - La m\u00e9diation\" width=\"500\" height=\"281\" src=\"https:\/\/www.youtube.com\/embed\/21jLbgrLKCQ?feature=oembed\" frameborder=\"0\" allow=\"accelerometer; autoplay; clipboard-write; encrypted-media; gyroscope; picture-in-picture; web-share\" referrerpolicy=\"strict-origin-when-cross-origin\" allowfullscreen><\/iframe>\n<\/div><\/figure>\n<\/div>\n<\/div>\n\n\n\n<ul class=\"wp-block-list\">\n<li><em><strong>La m\u00e9diation sociale expliqu\u00e9e par la Pr\u00e9sidente d&#8217;AMARE <\/strong>: <\/em> <a href=\"https:\/\/www.youtube.com\/watch?v=21jLbgrLKCQ\">https:\/\/www.youtube.com\/watch?v=21jLbgrLKCQ<\/a><\/li>\n\n\n\n<li><em><strong>La loi de modernisation de la Justice en 2016 :<\/strong><\/em> <a href=\"https:\/\/www.justice.gouv.fr\/actualites\/actualite\/modernisation-justice-du-21e-siecle-sept-decrets-publies\">https:\/\/www.justice.gouv.fr\/actualites\/actualite\/modernisation-justice-du-21e-siecle-sept-decrets-publies<\/a><\/li>\n\n\n\n<li><strong><em>La Commission Europ\u00e9enne pour l&#8217;efficacit\u00e9 de la Justice \u00e0 propos de la M\u00e9diation<\/em> : <\/strong><a href=\"https:\/\/www.coe.int\/fr\/web\/cepej\/cepej-work\/mediation\">https:\/\/www.coe.int\/fr\/web\/cepej\/cepej-work\/mediation<\/a><\/li>\n<\/ul>\n\n\n\n<details class=\"wp-block-details is-layout-flow wp-block-details-is-layout-flow\"><summary>Le Conseil d\u2019\u00c9tat sur la M\u00e9diation en Europe<\/summary>\n<p><\/p>\n\n\n\n<div data-wp-interactive=\"core\/file\" class=\"wp-block-file\"><object data-wp-bind--hidden=\"!state.hasPdfPreview\" hidden class=\"wp-block-file__embed\" data=\"https:\/\/amare-mediation.fr\/wp-content\/uploads\/2025\/07\/developper_la_mediation_version_dila.pdf\" type=\"application\/pdf\" style=\"width:100%;height:600px\" aria-label=\"Embed of developper_la_mediation_version_dila.\"><\/object><a id=\"wp-block-file--media-4ac1c8c2-5b01-4f60-b2e6-14353a301a0d\" href=\"https:\/\/amare-mediation.fr\/wp-content\/uploads\/2025\/07\/developper_la_mediation_version_dila.pdf\">developper_la_mediation_version_dila<\/a><a href=\"https:\/\/amare-mediation.fr\/wp-content\/uploads\/2025\/07\/developper_la_mediation_version_dila.pdf\" class=\"wp-block-file__button wp-element-button\" download aria-describedby=\"wp-block-file--media-4ac1c8c2-5b01-4f60-b2e6-14353a301a0d\">T\u00e9l\u00e9charger<\/a><\/div>\n<\/details>\n\n\n\n<div class=\"wp-block-group has-global-padding is-layout-constrained wp-block-group-is-layout-constrained\">\n<div class=\"wp-block-group is-layout-grid wp-container-core-group-is-layout-478b6e6b wp-block-group-is-layout-grid\">\n<p><strong>Le site Apprentie Girafe <\/strong><\/p>\n\n\n\n<figure class=\"wp-block-image size-full is-resized\"><a href=\"https:\/\/apprentie-girafe.com\/\"><img loading=\"lazy\" decoding=\"async\" width=\"512\" height=\"512\" src=\"https:\/\/amare-mediation.fr\/wp-content\/uploads\/2025\/07\/cropped-apprentie-girafe-logo-min-e1716803069776.png\" alt=\"\" class=\"wp-image-276\" style=\"width:97px;height:auto\" srcset=\"https:\/\/amare-mediation.fr\/wp-content\/uploads\/2025\/07\/cropped-apprentie-girafe-logo-min-e1716803069776.png 512w, https:\/\/amare-mediation.fr\/wp-content\/uploads\/2025\/07\/cropped-apprentie-girafe-logo-min-e1716803069776-300x300.png 300w, https:\/\/amare-mediation.fr\/wp-content\/uploads\/2025\/07\/cropped-apprentie-girafe-logo-min-e1716803069776-150x150.png 150w\" sizes=\"(max-width: 512px) 100vw, 512px\" \/><\/a><\/figure>\n<\/div>\n\n\n\n<div class=\"wp-block-group is-layout-grid wp-container-core-group-is-layout-478b6e6b wp-block-group-is-layout-grid\">\n<div class=\"wp-block-columns is-layout-flex wp-container-core-columns-is-layout-28f84493 wp-block-columns-is-layout-flex\">\n<div class=\"wp-block-column is-layout-flow wp-block-column-is-layout-flow\" style=\"flex-basis:100%\">\n<p><strong>D\u00e9couvrir le travail de Jocelyne DAHAN <\/strong><\/p>\n<\/div>\n<\/div>\n\n\n\n<figure class=\"wp-block-image size-full\"><a href=\"https:\/\/www.astrame.org\/rebondir\/qui-sommes-nous\/j-dahan\/\"><img loading=\"lazy\" decoding=\"async\" width=\"540\" height=\"137\" src=\"https:\/\/amare-mediation.fr\/wp-content\/uploads\/2025\/08\/image.png\" alt=\"\" class=\"wp-image-341\" srcset=\"https:\/\/amare-mediation.fr\/wp-content\/uploads\/2025\/08\/image.png 540w, https:\/\/amare-mediation.fr\/wp-content\/uploads\/2025\/08\/image-300x76.png 300w\" sizes=\"(max-width: 540px) 100vw, 540px\" \/><\/a><\/figure>\n\n\n\n<figure class=\"wp-block-embed is-type-video is-provider-youtube wp-block-embed-youtube wp-embed-aspect-16-9 wp-has-aspect-ratio\"><div class=\"wp-block-embed__wrapper\">\n<iframe title=\"40 ans de M\u00e9diation familiale : Bilan et Perspectives\" width=\"500\" height=\"281\" src=\"https:\/\/www.youtube.com\/embed\/cnj0jAodomY?feature=oembed\" frameborder=\"0\" allow=\"accelerometer; autoplay; clipboard-write; encrypted-media; gyroscope; picture-in-picture; web-share\" referrerpolicy=\"strict-origin-when-cross-origin\" allowfullscreen><\/iframe>\n<\/div><\/figure>\n<\/div>\n<\/div>\n\n\n\n<div class=\"wp-block-group has-global-padding is-layout-constrained wp-block-group-is-layout-constrained\">\n<div class=\"wp-block-columns is-layout-flex wp-container-core-columns-is-layout-28f84493 wp-block-columns-is-layout-flex\">\n<div class=\"wp-block-column is-layout-flow wp-block-column-is-layout-flow\" style=\"flex-basis:100%\">\n<div class=\"wp-block-columns is-layout-flex wp-container-core-columns-is-layout-28f84493 wp-block-columns-is-layout-flex\">\n<div class=\"wp-block-column is-layout-flow wp-block-column-is-layout-flow\" style=\"flex-basis:100%\">\n<p> <strong>Un de nos partenaires formations&#8230;<\/strong><\/p>\n\n\n\n<figure class=\"wp-block-image size-full is-resized is-style-rounded is-style-rounded--2\"><img loading=\"lazy\" decoding=\"async\" width=\"800\" height=\"800\" src=\"https:\/\/amare-mediation.fr\/wp-content\/uploads\/2025\/09\/1617026347185-1.jpeg\" alt=\"\" class=\"wp-image-409\" style=\"width:93px;height:auto\" srcset=\"https:\/\/amare-mediation.fr\/wp-content\/uploads\/2025\/09\/1617026347185-1.jpeg 800w, https:\/\/amare-mediation.fr\/wp-content\/uploads\/2025\/09\/1617026347185-1-300x300.jpeg 300w, https:\/\/amare-mediation.fr\/wp-content\/uploads\/2025\/09\/1617026347185-1-150x150.jpeg 150w, https:\/\/amare-mediation.fr\/wp-content\/uploads\/2025\/09\/1617026347185-1-768x768.jpeg 768w\" sizes=\"(max-width: 800px) 100vw, 800px\" \/><figcaption class=\"wp-element-caption\">CERAFF FORMATION<\/figcaption><\/figure>\n<\/div>\n<\/div>\n<\/div>\n<\/div>\n<\/div>\n","protected":false},"excerpt":{"rendered":"<p>D\u00e9velopper la culture de la M\u00e9diation, informer le public et sensibiliser aux modes alternatifs de r\u00e9solution des conflits, est une des missions qu&#8217; AMARE s&#8217;est donn\u00e9e. Ainsi, plusieurs animations et \u00e9v\u00e8nements \u00e0 destination des professionnels, des \u00e9lus et du grand public sont pr\u00e9vus pour l&#8217; ann\u00e9e 2026. Parce que devenir parent peut soulever de nombreuses questions, et qu&#8217;une s\u00e9paration peut rendre cet exercice plus difficile encore, l\u2019association AMARE relance ses groupes de parole : des espaces bienveillants pour d\u00e9poser ce qui se vit, mettre des mots sur ses \u00e9motions et trouver du soutien. Prochaine date : \ud83d\udcc5 Mercredi 20 mai 2026\ud83d\udd55 18h00 \ud83d\udc6a Destin\u00e9 aux parents s\u00e9par\u00e9s ou en cours de s\u00e9paration Ces espaces de rencontre et d\u2019\u00e9changes offrent un cadre s\u00e9curisant pour :* partager son exp\u00e9rience sans jugement,* rompre l\u2019isolement,* prendre du recul sur les situations v\u00e9cues,* renforcer ses ressources parentales,* s\u2019appuyer sur l\u2019\u00e9coute du groupe et l\u2019accompagnement propos\u00e9. Places limit\u00e9es, inscription obligatoireParticipation : 20 \u20ac par personne Un temps pour soi, pour mieux avancer, et pour continuer \u00e0 soutenir une parentalit\u00e9 la plus sereine possible, m\u00eame dans les p\u00e9riodes de transition.Pour plus d\u2019informations ou pour vous inscrire, n\u2019h\u00e9sitez pas \u00e0 nous contacter CYCLE de CONF\u00c9RENCES D\u00c9BAT AUPR\u00c8S DU GRAND PUBLIC En partenariat avec la Mairie d&#8217; Arcangues, la premi\u00e8re conf\u00e9rence d\u00e9bat sur la M\u00e9diation, \u00e0 destination du Grand Public, et d\u00e9di\u00e9e \u00e0 la D\u00e9couverte de la M\u00e9diation, se tiendra le 29 novembre 2025 \u00e0 la Salle des Associations d&#8217;Arcangues. Ouvert \u00e0 toutes et \u00e0 tous. La semaine de la M\u00e9diation approche! L&#8217;\u00e9quipe vous propose un Caf\u00e9-Rencontre de la m\u00e9diation : Mardi 14 Octobre entre 8h30 et 11h00. V\u00e9ritable temps d&#8217;\u00e9changes et de partage avec nos m\u00e9diatrices qui vous pr\u00e9senteront AMARE, nos missions et notre engagement pour le d\u00e9veloppement de la culture de la m\u00e9diation.C&#8217;est \u00e0 la Brasserie des Ar\u00e8nes \u00e0 Bayonne que \u00e7a se passe, un grand merci \u00e0 eux de nous accueillir pour ce moment convivial! RDV Int\u00e9ress\u00e9.e par nos animations? Pour aller plus loin&#8230; Le site Apprentie Girafe D\u00e9couvrir le travail de Jocelyne DAHAN Un de nos partenaires formations&#8230;<\/p>\n","protected":false},"author":1,"featured_media":0,"parent":0,"menu_order":0,"comment_status":"closed","ping_status":"closed","template":"","meta":{"_uag_custom_page_level_css":"","footnotes":""},"class_list":["post-116","page","type-page","status-publish","hentry"],"uagb_featured_image_src":{"full":false,"thumbnail":false,"medium":false,"medium_large":false,"large":false,"1536x1536":false,"2048x2048":false},"uagb_author_info":{"display_name":"AMARE","author_link":"https:\/\/amare-mediation.fr\/index.php\/author\/amare\/"},"uagb_comment_info":0,"uagb_excerpt":"D\u00e9velopper la culture de la M\u00e9diation, informer le public et sensibiliser aux modes alternatifs de r\u00e9solution des conflits, est une des missions qu&#8217; AMARE s&#8217;est donn\u00e9e. Ainsi, plusieurs animations et \u00e9v\u00e8nements \u00e0 destination des professionnels, des \u00e9lus et du grand public sont pr\u00e9vus pour l&#8217; ann\u00e9e 2026. Parce que devenir parent peut soulever de nombreuses&hellip;","_links":{"self":[{"href":"https:\/\/amare-mediation.fr\/index.php\/wp-json\/wp\/v2\/pages\/116","targetHints":{"allow":["GET"]}}],"collection":[{"href":"https:\/\/amare-mediation.fr\/index.php\/wp-json\/wp\/v2\/pages"}],"about":[{"href":"https:\/\/amare-mediation.fr\/index.php\/wp-json\/wp\/v2\/types\/page"}],"author":[{"embeddable":true,"href":"https:\/\/amare-mediation.fr\/index.php\/wp-json\/wp\/v2\/users\/1"}],"replies":[{"embeddable":true,"href":"https:\/\/amare-mediation.fr\/index.php\/wp-json\/wp\/v2\/comments?post=116"}],"version-history":[{"count":30,"href":"https:\/\/amare-mediation.fr\/index.php\/wp-json\/wp\/v2\/pages\/116\/revisions"}],"predecessor-version":[{"id":654,"href":"https:\/\/amare-mediation.fr\/index.php\/wp-json\/wp\/v2\/pages\/116\/revisions\/654"}],"wp:attachment":[{"href":"https:\/\/amare-mediation.fr\/index.php\/wp-json\/wp\/v2\/media?parent=116"}],"curies":[{"name":"wp","href":"https:\/\/api.w.org\/{rel}","templated":true}]}}