{"id":115,"date":"2026-01-13T12:12:44","date_gmt":"2026-01-13T11:12:44","guid":{"rendered":"https:\/\/amare-mediation.fr\/?page_id=115"},"modified":"2026-04-24T09:30:43","modified_gmt":"2026-04-24T07:30:43","slug":"formations-et-ateliers","status":"publish","type":"page","link":"https:\/\/amare-mediation.fr\/index.php\/formations-et-ateliers\/","title":{"rendered":"FORMATIONS et ATELIERS"},"content":{"rendered":"\n<div class=\"wp-block-columns alignwide is-layout-flex wp-container-core-columns-is-layout-28f84493 wp-block-columns-is-layout-flex\">\n<div class=\"wp-block-column is-layout-flow wp-block-column-is-layout-flow\" style=\"flex-basis:100%\">\n<p data-wp-context---core-fit-text=\"core\/fit-text::{&quot;fontSize&quot;:&quot;&quot;}\" data-wp-init---core-fit-text=\"core\/fit-text::callbacks.init\" data-wp-interactive data-wp-style--font-size=\"core\/fit-text::context.fontSize\" class=\"has-text-align-center has-fit-text has-comfortaa-font-family\" style=\"margin-right:0;margin-left:0;font-size:30px\"><em>D\u00e9velopper la culture et les pratiques de la M\u00e9diation aupr\u00e8s des professionnels et du grand public<\/em><\/p>\n<\/div>\n<\/div>\n\n\n\n<p><\/p>\n\n\n\n<p><\/p>\n\n\n\n<div class=\"wp-block-group alignfull has-global-padding is-layout-constrained wp-container-core-group-is-layout-19e250f3 wp-block-group-is-layout-constrained\">\n<div class=\"wp-block-columns alignfull is-layout-flex wp-container-core-columns-is-layout-28f84493 wp-block-columns-is-layout-flex\">\n<div class=\"wp-block-column is-layout-flow wp-block-column-is-layout-flow\" style=\"flex-basis:28%\">\n<figure class=\"wp-block-image is-resized\"><img fetchpriority=\"high\" decoding=\"async\" width=\"225\" height=\"225\" src=\"https:\/\/amare-mediation.fr\/wp-content\/uploads\/2026\/02\/images-removebg-preview-1.png\" alt=\"\" class=\"wp-image-502\" style=\"width:625px;height:auto\" srcset=\"https:\/\/amare-mediation.fr\/wp-content\/uploads\/2026\/02\/images-removebg-preview-1.png 225w, https:\/\/amare-mediation.fr\/wp-content\/uploads\/2026\/02\/images-removebg-preview-1-150x150.png 150w\" sizes=\"(max-width: 225px) 100vw, 225px\" \/><\/figure>\n<\/div>\n\n\n\n<div class=\"wp-block-column is-layout-flow wp-block-column-is-layout-flow\"><\/div>\n\n\n\n<div class=\"wp-block-column is-vertically-aligned-center is-layout-flow wp-block-column-is-layout-flow\" style=\"flex-basis:72%\">\n<p class=\"has-custom-color-7-color has-text-color has-link-color has-body-font-family wp-elements-2efe0d802600e42abbb32f33dd9de825\" style=\"font-size:clamp(28.836px, 1.802rem + ((1vw - 3.2px) * 2.205), 50px);\"><strong>ATELIER D\u00e9couverte de l&#8217; enn\u00e9agramme<\/strong> &#8211; <strong>Dur\u00e9e : 3h30<\/strong><\/p>\n\n\n\n<p style=\"font-size:clamp(16.293px, 1.018rem + ((1vw - 3.2px) * 0.907), 25px);\"><strong><em>PUBLIC : tout public, pas de pr\u00e9-requis<\/em><\/strong><\/p>\n\n\n\n<p style=\"font-size:clamp(18.959px, 1.185rem + ((1vw - 3.2px) * 1.15), 30px);\"><strong>MIEUX SE COMPRENDRE&#8230;MIEUX COMPRENDRE LES AUTRES<\/strong><\/p>\n\n\n\n<ul class=\"wp-block-list\">\n<li style=\"font-size:clamp(18.959px, 1.185rem + ((1vw - 3.2px) * 1.15), 30px);\">D\u00e9couvrir les <strong>9 profils de personnalit\u00e9 de l\u2019 enn\u00e9agramme<\/strong><\/li>\n\n\n\n<li style=\"font-size:clamp(18.959px, 1.185rem + ((1vw - 3.2px) * 1.15), 30px);\">Identifier vos modes de fonctionnement habituels<\/li>\n\n\n\n<li style=\"font-size:clamp(18.959px, 1.185rem + ((1vw - 3.2px) * 1.15), 30px);\">D\u00e9velopper vos ressources et vos points d\u2019appui<\/li>\n\n\n\n<li style=\"font-size:clamp(18.959px, 1.185rem + ((1vw - 3.2px) * 1.15), 30px);\">Explorer des pistes pour am\u00e9liorer vos relations<\/li>\n<\/ul>\n\n\n\n<p>Places limit\u00e9es, inscription obligatoire, 40 \u20ac par personne<\/p>\n\n\n\n<div class=\"wp-block-buttons is-layout-flex wp-block-buttons-is-layout-flex\">\n<div class=\"wp-block-button\"><a class=\"wp-block-button__link has-contrast-color has-custom-color-4-background-color has-text-color has-background has-link-color has-custom-font-size wp-element-button\" href=\"https:\/\/www.helloasso.com\/associations\/amare-mediation\/evenements\/inscription-atelier-decouverte-des-enneagrammes\" style=\"font-size:clamp(16.293px, 1.018rem + ((1vw - 3.2px) * 0.907), 25px);\" target=\"_blank\" rel=\"noreferrer noopener\">INSCRIPTION SESSION 06\/06\/2026 &#8211; 9h00<\/a><\/div>\n<\/div>\n<\/div>\n<\/div>\n<\/div>\n\n\n\n<p><\/p>\n\n\n\n<p><\/p>\n\n\n\n<div class=\"wp-block-group alignfull has-global-padding is-layout-constrained wp-container-core-group-is-layout-19e250f3 wp-block-group-is-layout-constrained\">\n<div class=\"wp-block-columns alignfull is-layout-flex wp-container-core-columns-is-layout-d1c656ed wp-block-columns-is-layout-flex\">\n<div class=\"wp-block-column is-vertically-aligned-top is-layout-flow wp-block-column-is-layout-flow\" style=\"flex-basis:40%\">\n<h3 class=\"wp-block-heading is-style-asterisk has-custom-color-7-color has-text-color has-link-color has-body-font-family wp-elements-df3f693beb628e14d9b6e7a61a14e813\" style=\"font-size:clamp(28.836px, 1.802rem + ((1vw - 3.2px) * 2.205), 50px);\">Groupes de parole autour de la Parentalit\u00e9 &#8211; Dur\u00e9e : 2h00<\/h3>\n\n\n\n<p style=\"font-size:clamp(16.293px, 1.018rem + ((1vw - 3.2px) * 0.907), 25px);\"><strong><em>PUBLIC : parents s\u00e9par\u00e9s ou en cours de s\u00e9paration<\/em><\/strong><\/p>\n\n\n\n<ul class=\"wp-block-list\">\n<li style=\"font-size:clamp(18.959px, 1.185rem + ((1vw - 3.2px) * 1.15), 30px);\">Partager son exp\u00e9rience sans jugement<\/li>\n\n\n\n<li style=\"font-size:clamp(18.959px, 1.185rem + ((1vw - 3.2px) * 1.15), 30px);\">Rompre l\u2019isolement<\/li>\n\n\n\n<li style=\"font-size:clamp(18.959px, 1.185rem + ((1vw - 3.2px) * 1.15), 30px);\">Prendre du recul sur les situations v\u00e9cues<\/li>\n\n\n\n<li style=\"font-size:clamp(18.959px, 1.185rem + ((1vw - 3.2px) * 1.15), 30px);\">Renforcer ses ressources parentales<\/li>\n\n\n\n<li style=\"font-size:clamp(18.959px, 1.185rem + ((1vw - 3.2px) * 1.15), 30px);\">S&#8217;appuyer sur l\u2019\u00e9coute du groupe et l\u2019accompagnement propos\u00e9<\/li>\n<\/ul>\n\n\n\n<p>Places limit\u00e9es, inscription obligatoire, 20 \u20ac par personne  <\/p>\n\n\n\n<div class=\"wp-block-buttons is-layout-flex wp-block-buttons-is-layout-flex\">\n<div class=\"wp-block-button\"><a class=\"wp-block-button__link has-contrast-color has-custom-color-4-background-color has-text-color has-background has-link-color has-custom-font-size wp-element-button\" href=\"https:\/\/www.helloasso.com\/associations\/amare-mediation\/evenements\/participation-au-groupe-de-paroles-autour-de-la-parentalite\" style=\"font-size:clamp(16.293px, 1.018rem + ((1vw - 3.2px) * 0.907), 25px);\" target=\"_blank\" rel=\"noreferrer noopener\">INSCRIPTION POUR LE 20\/05\/2026 &#8211; 18h00<\/a><\/div>\n<\/div>\n\n\n\n<p><\/p>\n\n\n\n<p><\/p>\n\n\n\n<p><\/p>\n\n\n\n<h3 class=\"wp-block-heading is-style-asterisk has-body-font-family\" style=\"font-size:clamp(28.836px, 1.802rem + ((1vw - 3.2px) * 2.205), 50px);\">Coaching coparental<\/h3>\n\n\n\n<p style=\"font-size:clamp(16.293px, 1.018rem + ((1vw - 3.2px) * 0.907), 25px);\"><strong><em>PUBLIC : parents et famille<\/em><\/strong><\/p>\n\n\n\n<ul style=\"line-height:1.75\" class=\"wp-block-list is-style-checkmark-list\">\n<li style=\"font-size:clamp(18.959px, 1.185rem + ((1vw - 3.2px) * 1.15), 30px);\">Accompagnement des parents dans leur r\u00f4le et positionnement<\/li>\n\n\n\n<li style=\"font-size:clamp(18.959px, 1.185rem + ((1vw - 3.2px) * 1.15), 30px);\">Gestion et pr\u00e9venance des conflits intra-familiaux<\/li>\n\n\n\n<li style=\"font-size:clamp(18.959px, 1.185rem + ((1vw - 3.2px) * 1.15), 30px);\">Appr\u00e9hension des relations &#8220;parent-parent&#8221; et &#8220;parents-enfants&#8221;&#8230;<\/li>\n<\/ul>\n<\/div>\n\n\n\n<div class=\"wp-block-column is-layout-flow wp-block-column-is-layout-flow\" style=\"flex-basis:50%\">\n<figure class=\"wp-block-image size-large is-style-rounded is-style-rounded--1\"><img decoding=\"async\" width=\"1024\" height=\"576\" src=\"https:\/\/amare-mediation.fr\/wp-content\/uploads\/2026\/01\/visuels-ABC-33photo-groupe-de-parole--1024x576.jpg\" alt=\"\" class=\"wp-image-470\" srcset=\"https:\/\/amare-mediation.fr\/wp-content\/uploads\/2026\/01\/visuels-ABC-33photo-groupe-de-parole--1024x576.jpg 1024w, https:\/\/amare-mediation.fr\/wp-content\/uploads\/2026\/01\/visuels-ABC-33photo-groupe-de-parole--300x169.jpg 300w, https:\/\/amare-mediation.fr\/wp-content\/uploads\/2026\/01\/visuels-ABC-33photo-groupe-de-parole--768x432.jpg 768w, https:\/\/amare-mediation.fr\/wp-content\/uploads\/2026\/01\/visuels-ABC-33photo-groupe-de-parole-.jpg 1211w\" sizes=\"(max-width: 1024px) 100vw, 1024px\" \/><figcaption class=\"wp-element-caption\">Source : https\/\/www.imaginologie.fr<\/figcaption><\/figure>\n\n\n\n<p><\/p>\n\n\n\n<p><\/p>\n\n\n\n<figure class=\"wp-block-image size-large is-style-rounded is-style-rounded--2\"><img decoding=\"async\" src=\"https:\/\/amaremediation.wordpress.com\/wp-content\/uploads\/2025\/06\/family-stroll-in-nature1.jpeg?w=1024\" alt=\"\" class=\"wp-image-243\"\/><figcaption class=\"wp-element-caption\">Source : Mikiwa https:\/\/www.lummi.ai\/photo\/family-stroll-in-nature-kyls_<\/figcaption><\/figure>\n<\/div>\n<\/div>\n\n\n\n<div style=\"height:var(--wp--preset--spacing--40)\" aria-hidden=\"true\" class=\"wp-block-spacer\"><\/div>\n\n\n\n<div class=\"wp-block-columns alignfull is-layout-flex wp-container-core-columns-is-layout-d1c656ed wp-block-columns-is-layout-flex\">\n<div class=\"wp-block-column is-layout-flow wp-block-column-is-layout-flow\" style=\"flex-basis:50%\">\n<figure class=\"wp-block-image alignleft is-style-rounded is-style-rounded--3\"><img decoding=\"async\" src=\"https:\/\/amaremediation.wordpress.com\/wp-content\/uploads\/2025\/06\/woman-in-deep-thought.jpeg?w=1024\" alt=\"Cette image a un attribut alt vide\u00a0; le nom du fichier est woman-in-deep-thought.jpeg\"\/><figcaption class=\"wp-element-caption\">Source : Mikiwa https:\/\/www.lummi.ai\/photo\/woman-in-deep-thought-hrk3i<\/figcaption><\/figure>\n<\/div>\n\n\n\n<div class=\"wp-block-column is-vertically-aligned-center is-layout-flow wp-block-column-is-layout-flow\" style=\"flex-basis:40%\">\n<h3 class=\"wp-block-heading is-style-asterisk has-body-font-family\" style=\"font-size:clamp(28.836px, 1.802rem + ((1vw - 3.2px) * 2.205), 50px);\">Ateliers de coparentalit\u00e9 en cas de s\u00e9paration<\/h3>\n\n\n\n<ul style=\"line-height:1.75\" class=\"wp-block-list is-style-checkmark-list\">\n<li style=\"font-size:clamp(18.959px, 1.185rem + ((1vw - 3.2px) * 1.15), 30px);\">Accompagnement des parents s\u00e9par\u00e9s ou en cours de s\u00e9paration dans l&#8217;int\u00e9r\u00eat de l&#8217;enfant<\/li>\n\n\n\n<li style=\"font-size:clamp(18.959px, 1.185rem + ((1vw - 3.2px) * 1.15), 30px);\">Gestion de la situation, apaisement des relations<\/li>\n\n\n\n<li style=\"font-size:clamp(18.959px, 1.185rem + ((1vw - 3.2px) * 1.15), 30px);\">Prise en compte de l&#8217;enfant et ses besoins par une communication renou\u00e9e<\/li>\n<\/ul>\n<\/div>\n<\/div>\n<\/div>\n\n\n\n<div class=\"wp-block-group alignfull has-global-padding is-layout-constrained wp-container-core-group-is-layout-490fa1db wp-block-group-is-layout-constrained\" style=\"padding-top:var(--wp--preset--spacing--50);padding-right:var(--wp--preset--spacing--50);padding-bottom:var(--wp--preset--spacing--50);padding-left:var(--wp--preset--spacing--50)\">\n<div class=\"wp-block-group has-global-padding is-layout-constrained wp-container-core-group-is-layout-650790e1 wp-block-group-is-layout-constrained\">\n<h1 class=\"wp-block-heading has-text-align-center has-contrast-3-color has-text-color has-link-color has-body-font-family wp-elements-e1c804fd8994bccea65727769b7c9cbc\" style=\"font-size:clamp(33.419px, 2.089rem + ((1vw - 3.2px) * 2.769), 60px);\">FORMATIONS <\/h1>\n\n\n\n<div style=\"height:1.25rem\" aria-hidden=\"true\" class=\"wp-block-spacer\"><\/div>\n<\/div>\n\n\n\n<figure class=\"wp-block-image alignwide size-full is-style-rounded is-style-rounded--4\"><img decoding=\"async\" src=\"https:\/\/amaremediation.wordpress.com\/wp-content\/uploads\/2025\/06\/seminar-audience-view.jpeg\" alt=\"\" class=\"wp-image-240\"\/><figcaption class=\"wp-element-caption\">source : Mikiwa, https:\/\/www.lummi.ai\/photo\/seminar-audience-view-u5pi<\/figcaption><\/figure>\n<\/div>\n\n\n\n<div class=\"wp-block-group alignfull has-base-2-background-color has-background has-global-padding is-layout-constrained wp-container-core-group-is-layout-669513ed wp-block-group-is-layout-constrained\" style=\"margin-top:0;margin-bottom:0;padding-top:var(--wp--preset--spacing--50);padding-right:var(--wp--preset--spacing--50);padding-bottom:var(--wp--preset--spacing--50);padding-left:var(--wp--preset--spacing--50)\">\n<div class=\"wp-block-group is-vertical is-content-justification-center is-layout-flex wp-container-core-group-is-layout-52b864f0 wp-block-group-is-layout-flex\">\n<h2 class=\"wp-block-heading has-text-align-center is-style-asterisk\" style=\"font-size:clamp(28.836px, 1.802rem + ((1vw - 3.2px) * 2.205), 50px);\">Un r\u00e9seau de r\u00e9f\u00e9rents et intervenants reconnus<\/h2>\n\n\n\n<div style=\"height:0px\" aria-hidden=\"true\" class=\"wp-block-spacer wp-container-content-4f2ccadb\"><\/div>\n\n\n\n<p class=\"has-text-align-center\" style=\"font-size:clamp(18.959px, 1.185rem + ((1vw - 3.2px) * 1.15), 30px);\">AMARE accueille des formations au sein de ses locaux avec des formateurs experts de la M\u00e9diation.<\/p>\n<\/div>\n\n\n\n<div class=\"wp-block-columns alignwide is-layout-flex wp-container-core-columns-is-layout-d0bbbce0 wp-block-columns-is-layout-flex\">\n<div class=\"wp-block-column is-layout-flow wp-container-core-column-is-layout-e3d1c41b wp-block-column-is-layout-flow\">\n<h3 class=\"wp-block-heading has-text-align-left is-style-asterisk has-body-font-family has-medium-font-size\" style=\"font-style:normal;font-weight:600\">Analyse des pratiques professionnelles<\/h3>\n\n\n\n<p class=\"has-text-align-left\" style=\"font-size:clamp(16.293px, 1.018rem + ((1vw - 3.2px) * 0.907), 25px);\">Dans le cadre du m\u00e9tier de m\u00e9diateur, encadr\u00e9 par une d\u00e9ontologie stricte de la profession, des sessions d&#8217;APP sont organis\u00e9es chaque ann\u00e9e. Notre intervenante pour 2026 est Jocelyne DAHAN, M\u00e9diatrice Familiale D.E., formatrice, analyseure de pratiques professionnelles, auteure de nombreux ouvrages de r\u00e9f\u00e9rence.<\/p>\n<\/div>\n\n\n\n<div class=\"wp-block-column is-layout-flow wp-container-core-column-is-layout-e3d1c41b wp-block-column-is-layout-flow\">\n<h3 class=\"wp-block-heading has-text-align-left is-style-asterisk has-body-font-family has-medium-font-size\" style=\"font-style:normal;font-weight:600\">Initiation \u00c9coute active, compr\u00e9hension bienveillante, Suivi personnalis\u00e9<\/h3>\n\n\n\n<p class=\"has-text-align-left\" style=\"font-size:clamp(16.293px, 1.018rem + ((1vw - 3.2px) * 0.907), 25px);\">AMARE propose un atelier d&#8217;initiation \u00e0 la compr\u00e9hension bienveillante, \u00e0 la d\u00e9couverte de la Communication Non Violente, un des piliers de la pratique de la M\u00e9diation. Accompagnement individuel pour les professionnels, un des outils de pr\u00e9vention du burn-out. SUR DEVIS<\/p>\n<\/div>\n\n\n\n<div class=\"wp-block-column is-layout-flow wp-container-core-column-is-layout-e3d1c41b wp-block-column-is-layout-flow\">\n<h3 class=\"wp-block-heading has-text-align-left is-style-asterisk has-body-font-family has-medium-font-size\" style=\"font-style:normal;font-weight:600\">D\u00e9couverte des enn\u00e9agrammes pour pr\u00e9venir les conflits sociaux en milieu professionnel<\/h3>\n\n\n\n<p class=\"has-text-align-left\" style=\"font-size:clamp(16.293px, 1.018rem + ((1vw - 3.2px) * 0.907), 25px);\">D\u00e9couverte de ce mod\u00e8le de la structure de la personne humaine qui aboutit \u00e0 neuf configurations diff\u00e9rentes de la personnalit\u00e9, neuf mani\u00e8res de se d\u00e9finir. Pour mieux communiquer et comprendre les autres. A destination des entreprises, associations, organisations, collectivit\u00e9s&#8230;SUR DEVIS<\/p>\n<\/div>\n<\/div>\n<\/div>\n\n\n\n<div class=\"wp-block-group alignfull has-base-color has-contrast-2-background-color has-text-color has-background has-global-padding is-layout-constrained wp-container-core-group-is-layout-ef3d885c wp-block-group-is-layout-constrained\" style=\"margin-top:0;margin-bottom:0;padding-top:var(--wp--preset--spacing--60);padding-right:var(--wp--preset--spacing--60);padding-bottom:var(--wp--preset--spacing--60);padding-left:var(--wp--preset--spacing--60)\">\n<div class=\"wp-block-group has-global-padding is-layout-constrained wp-block-group-is-layout-constrained\">\n<p class=\"has-text-align-center has-base-color has-text-color has-comfortaa-font-family has-medium-font-size\" style=\"line-height:1.2\"><em>&#8220;La dispute alimente la dispute et engloutit ceux qui s\u2019y plongent<\/em>&#8221; <\/p>\n\n\n\n<div style=\"height:var(--wp--preset--spacing--10)\" aria-hidden=\"true\" class=\"wp-block-spacer\"><\/div>\n\n\n\n<div class=\"wp-block-group is-vertical is-content-justification-center is-nowrap is-layout-flex wp-container-core-group-is-layout-2dc08cea wp-block-group-is-layout-flex\">\n<p class=\"has-text-align-center\" style=\"margin-top:var(--wp--preset--spacing--10);margin-bottom:0\">S\u00e9n\u00e8que<\/p>\n<\/div>\n<\/div>\n<\/div>\n\n\n\n<p><\/p>\n","protected":false},"excerpt":{"rendered":"<p>D\u00e9velopper la culture et les pratiques de la M\u00e9diation aupr\u00e8s des professionnels et du grand public ATELIER D\u00e9couverte de l&#8217; enn\u00e9agramme &#8211; Dur\u00e9e : 3h30 PUBLIC : tout public, pas de pr\u00e9-requis MIEUX SE COMPRENDRE&#8230;MIEUX COMPRENDRE LES AUTRES Places limit\u00e9es, inscription obligatoire, 40 \u20ac par personne Groupes de parole autour de la Parentalit\u00e9 &#8211; Dur\u00e9e : 2h00 PUBLIC : parents s\u00e9par\u00e9s ou en cours de s\u00e9paration Places limit\u00e9es, inscription obligatoire, 20 \u20ac par personne Coaching coparental PUBLIC : parents et famille Ateliers de coparentalit\u00e9 en cas de s\u00e9paration FORMATIONS Un r\u00e9seau de r\u00e9f\u00e9rents et intervenants reconnus AMARE accueille des formations au sein de ses locaux avec des formateurs experts de la M\u00e9diation. Analyse des pratiques professionnelles Dans le cadre du m\u00e9tier de m\u00e9diateur, encadr\u00e9 par une d\u00e9ontologie stricte de la profession, des sessions d&#8217;APP sont organis\u00e9es chaque ann\u00e9e. Notre intervenante pour 2026 est Jocelyne DAHAN, M\u00e9diatrice Familiale D.E., formatrice, analyseure de pratiques professionnelles, auteure de nombreux ouvrages de r\u00e9f\u00e9rence. Initiation \u00c9coute active, compr\u00e9hension bienveillante, Suivi personnalis\u00e9 AMARE propose un atelier d&#8217;initiation \u00e0 la compr\u00e9hension bienveillante, \u00e0 la d\u00e9couverte de la Communication Non Violente, un des piliers de la pratique de la M\u00e9diation. Accompagnement individuel pour les professionnels, un des outils de pr\u00e9vention du burn-out. SUR DEVIS D\u00e9couverte des enn\u00e9agrammes pour pr\u00e9venir les conflits sociaux en milieu professionnel D\u00e9couverte de ce mod\u00e8le de la structure de la personne humaine qui aboutit \u00e0 neuf configurations diff\u00e9rentes de la personnalit\u00e9, neuf mani\u00e8res de se d\u00e9finir. Pour mieux communiquer et comprendre les autres. A destination des entreprises, associations, organisations, collectivit\u00e9s&#8230;SUR DEVIS &#8220;La dispute alimente la dispute et engloutit ceux qui s\u2019y plongent&#8221; S\u00e9n\u00e8que<\/p>\n","protected":false},"author":1,"featured_media":0,"parent":0,"menu_order":0,"comment_status":"closed","ping_status":"closed","template":"","meta":{"_uag_custom_page_level_css":"","footnotes":""},"class_list":["post-115","page","type-page","status-publish","hentry"],"uagb_featured_image_src":{"full":false,"thumbnail":false,"medium":false,"medium_large":false,"large":false,"1536x1536":false,"2048x2048":false},"uagb_author_info":{"display_name":"AMARE","author_link":"https:\/\/amare-mediation.fr\/index.php\/author\/amare\/"},"uagb_comment_info":0,"uagb_excerpt":"D\u00e9velopper la culture et les pratiques de la M\u00e9diation aupr\u00e8s des professionnels et du grand public ATELIER D\u00e9couverte de l&#8217; enn\u00e9agramme &#8211; Dur\u00e9e : 3h30 PUBLIC : tout public, pas de pr\u00e9-requis MIEUX SE COMPRENDRE&#8230;MIEUX COMPRENDRE LES AUTRES Places limit\u00e9es, inscription obligatoire, 40 \u20ac par personne Groupes de parole autour de la Parentalit\u00e9 &#8211; Dur\u00e9e&hellip;","_links":{"self":[{"href":"https:\/\/amare-mediation.fr\/index.php\/wp-json\/wp\/v2\/pages\/115","targetHints":{"allow":["GET"]}}],"collection":[{"href":"https:\/\/amare-mediation.fr\/index.php\/wp-json\/wp\/v2\/pages"}],"about":[{"href":"https:\/\/amare-mediation.fr\/index.php\/wp-json\/wp\/v2\/types\/page"}],"author":[{"embeddable":true,"href":"https:\/\/amare-mediation.fr\/index.php\/wp-json\/wp\/v2\/users\/1"}],"replies":[{"embeddable":true,"href":"https:\/\/amare-mediation.fr\/index.php\/wp-json\/wp\/v2\/comments?post=115"}],"version-history":[{"count":27,"href":"https:\/\/amare-mediation.fr\/index.php\/wp-json\/wp\/v2\/pages\/115\/revisions"}],"predecessor-version":[{"id":656,"href":"https:\/\/amare-mediation.fr\/index.php\/wp-json\/wp\/v2\/pages\/115\/revisions\/656"}],"wp:attachment":[{"href":"https:\/\/amare-mediation.fr\/index.php\/wp-json\/wp\/v2\/media?parent=115"}],"curies":[{"name":"wp","href":"https:\/\/api.w.org\/{rel}","templated":true}]}}