{"id":112,"date":"2025-09-01T10:03:39","date_gmt":"2025-09-01T08:03:39","guid":{"rendered":"https:\/\/amare-mediation.fr\/?page_id=112"},"modified":"2025-10-07T16:05:09","modified_gmt":"2025-10-07T14:05:09","slug":"la-mediation-les-mard","status":"publish","type":"page","link":"https:\/\/amare-mediation.fr\/index.php\/la-mediation-les-mard\/","title":{"rendered":"La MEDIATION, les MARD"},"content":{"rendered":"\n<div class=\"wp-block-group alignfull has-custom-color-5-background-color has-background has-global-padding is-layout-constrained wp-container-core-group-is-layout-669513ed wp-block-group-is-layout-constrained\" style=\"margin-top:0;margin-bottom:0;padding-top:var(--wp--preset--spacing--50);padding-right:var(--wp--preset--spacing--50);padding-bottom:var(--wp--preset--spacing--50);padding-left:var(--wp--preset--spacing--50)\">\n<div class=\"wp-block-columns alignwide is-layout-flex wp-container-core-columns-is-layout-28f84493 wp-block-columns-is-layout-flex\">\n<div class=\"wp-block-column is-layout-flow wp-block-column-is-layout-flow\" style=\"flex-basis:40%\">\n<figure class=\"wp-block-image size-large is-style-rounded is-style-rounded--1\"><img decoding=\"async\" src=\"https:\/\/amaremediation.wordpress.com\/wp-content\/uploads\/2025\/06\/unity-in-diversity.jpeg?w=1024\" alt=\"\" class=\"wp-image-218\" style=\"aspect-ratio:1.6305354457958179\"\/><figcaption class=\"wp-element-caption\"><em>cr\u00e9dit photo : Viri Gutierrez https:\/\/www.lummi.ai\/photo\/unity-in-diversity-p6xrv<\/em><\/figcaption><\/figure>\n<\/div>\n\n\n\n<div class=\"wp-block-column is-layout-flow wp-block-column-is-layout-flow\" style=\"flex-basis:60%\">\n<p class=\"has-contrast-2-color has-text-color has-link-color has-comfortaa-font-family wp-elements-a2c9790130966ff34fc75e57b6f913c7\" style=\"font-size:clamp(0.984rem, 0.984rem + ((1vw - 0.2rem) * 0.86), 1.5rem);line-height:1.2;text-transform:none\"><strong>\u00ab Mode coop\u00e9ratif de pr\u00e9vention des conflits et de leur r\u00e8glement amiable par les personnes ou les parties elles-m\u00eames, gr\u00e2ce au dialogue facilit\u00e9 par une personne qualifi\u00e9e \u00bb<\/strong><\/p>\n\n\n\n<p class=\"has-contrast-2-color has-text-color has-link-color has-cabin-font-family wp-elements-48eb97e7c59973fcc9737748d4dcb1e6\" style=\"font-size:clamp(0.875rem, 0.875rem + ((1vw - 0.2rem) * 0.208), 1rem);line-height:1.2;text-transform:none\">La m\u00e9diation est un mode amiable de r\u00e8glement des conflits et de leur pr\u00e9vention. Elle peut \u00eatre mise en \u0153uvre dans un cadre judiciaire et\/ou conventionnel. Alternant concertation, dialogue, \u00e9coute dans un cadre d\u00e9ontologique et neutre, et ce quelque soit le domaine, la m\u00e9diation est l\u00e0 pour apaiser les situations et repositionner le dialogue comme mode de communication pour parvenir \u00e0 une solution co-construite. Ecoute active, CNV, PNL, n\u00e9gociation raisonn\u00e9e, Triangle de Karpman&#8230;les techniques et outils sont nombreux pour accompagner le process.<\/p>\n\n\n\n<p class=\"has-contrast-2-color has-text-color has-link-color has-cabin-font-family wp-elements-bfbd4cd178b536befe28cf802fac3ffd\" style=\"font-size:clamp(0.875rem, 0.875rem + ((1vw - 0.2rem) * 0.208), 1rem);line-height:1.2;text-transform:none\">M\u00e9thode apparue dans les ann\u00e9es 1970 en France, inspir\u00e9e de pratiques \u00e0 l&#8217;\u00e9tranger (Canada), l\u00e9galis\u00e9e par la loi du 8 f\u00e9vrier 1995, la m\u00e9diation fait l&#8217;objet d&#8217;une volont\u00e9 affirm\u00e9e des pouvoirs publics de la d\u00e9velopper (cf le recours aux MARD &#8220;modes alternatifs de r\u00e9glement des diff\u00e9rends&#8221; dans la Loi pour la justice du XXI\u00e8me si\u00e8cle et la toute r\u00e9cente publication au JO du Decret 2025-660 du 18 juillet 2025).<\/p>\n<\/div>\n<\/div>\n\n\n\n<details class=\"wp-block-details is-layout-flow wp-block-details-is-layout-flow\"><summary><strong>FOCUS : NOUVEAU D\u00c9CRET DU 18 juillet 2025  <\/strong><\/summary>\n<ul class=\"wp-block-list\">\n<li>La m\u00e9diation est d\u00e9sormais d\u00e9finie (Art 1530 du CPC version 18\/07\/2025) : &#8220;tout processus structur\u00e9 par lequel plusieurs personnes tentent, avec l&#8217;aide d&#8217;un tiers, de parvenir \u00e0 un accord destin\u00e9 \u00e0 la r\u00e9solution du diff\u00e9rend qui les oppose&#8221;<\/li>\n<\/ul>\n\n\n\n<ul class=\"wp-block-list\">\n<li>Le d\u00e9lai des m\u00e9diations&nbsp;judiciaires est allong\u00e9 : de 3 \u00e0 5 mois avec une prolongation possible de 3 mois. Le d\u00e9lai part &#8220;du jour o\u00f9 la provision \u00e0 valoir sur la r\u00e9mun\u00e9ration du m\u00e9diateur est vers\u00e9e entre les mains de ce dernier&#8221;. <\/li>\n\n\n\n<li>Le dispositif d&#8217;injonction \u00e0 rencontrer le m\u00e9diateur est d\u00e9sormais g\u00e9n\u00e9ralis\u00e9, la pr\u00e9sence des parties est obligatoire et le m\u00e9diateur en atteste. Suite \u00e0 cet entretien, les parties donnent leur accord ou non d&#8217;entrer en m\u00e9diation. En effet,   l&#8217;entr\u00e9e en m\u00e9diation suppose le consentement libre et \u00e9clair\u00e9 des parties. <\/li>\n<\/ul>\n\n\n\n<div data-wp-interactive=\"core\/file\" class=\"wp-block-file\"><object data-wp-bind--hidden=\"!state.hasPdfPreview\" hidden class=\"wp-block-file__embed\" data=\"https:\/\/amare-mediation.fr\/wp-content\/uploads\/2025\/08\/ANALYSE-DECRET-18072025.pdf\" type=\"application\/pdf\" style=\"width:100%;height:600px\" aria-label=\"Embed of ANALYSE DECRET 18072025.\"><\/object><a id=\"wp-block-file--media-2a0b0f7f-6411-43a4-9a3f-e8fe1354bee0\" href=\"https:\/\/amare-mediation.fr\/wp-content\/uploads\/2025\/08\/ANALYSE-DECRET-18072025.pdf\">ANALYSE DECRET 18072025<\/a><a href=\"https:\/\/amare-mediation.fr\/wp-content\/uploads\/2025\/08\/ANALYSE-DECRET-18072025.pdf\" class=\"wp-block-file__button wp-element-button\" download aria-describedby=\"wp-block-file--media-2a0b0f7f-6411-43a4-9a3f-e8fe1354bee0\">T\u00e9l\u00e9charger<\/a><\/div>\n<\/details>\n<\/div>\n\n\n\n<h2 class=\"wp-block-heading alignwide has-contrast-3-color has-text-color has-link-color has-body-font-family wp-elements-112ef124352e674d732a4790ab19bfd3\">LA M\u00c9DIATION CONVENTIONNELLE<\/h2>\n\n\n\n<div class=\"wp-block-group alignfull has-base-background-color has-background is-nowrap is-layout-flex wp-container-core-group-is-layout-da1ed488 wp-block-group-is-layout-flex\" style=\"margin-top:0;margin-bottom:0;padding-top:var(--wp--preset--spacing--50);padding-right:var(--wp--preset--spacing--50);padding-bottom:var(--wp--preset--spacing--50);padding-left:var(--wp--preset--spacing--50)\">\n<p class=\"has-text-align-left\" style=\"text-transform:none\"><em><strong>Les personnes en conflit restent libres, dans tous les domaines o\u00f9 elles ont la libre disposition de leurs droits, de n\u00e9gocier et de transiger.<\/strong><\/em> Les personnes en conflit peuvent tenter une approche amiable avec le concours d\u2019un tiers qualifi\u00e9 librement choisi, neutre et sans pouvoir de d\u00e9cision, un <strong>m\u00e9diateur<\/strong> : c\u2019est ce qu\u2019on appelle la m\u00e9diation conventionnelle. Les avocats peuvent assister leurs clients. Les personnes peuvent demander au juge d\u2019homologuer l\u2019accord trouv\u00e9 en m\u00e9diation conventionnelle dans les domaines o\u00f9 elles ont la libre disposition de leurs droits.<\/p>\n\n\n\n<ul class=\"wp-block-list\">\n<li class=\"has-cabin-font-family\" style=\"text-transform:none\">Une d\u00e9marche volontaire des parties de trouver une solution par elles-m\u00eames, accompagn\u00e9es d&#8217;un tiers neutre : le m\u00e9diateur.<\/li>\n\n\n\n<li class=\"has-contrast-2-color has-text-color has-cabin-font-family\" style=\"text-transform:none\">Un process reconnu, avec accords homologu\u00e9s<\/li>\n\n\n\n<li class=\"has-contrast-2-color has-text-color has-cabin-font-family\" style=\"text-transform:none\">Un suivi post accord pour s&#8217;assurer de l&#8217;apaisement p\u00e9renne du conflit<\/li>\n<\/ul>\n<\/div>\n\n\n\n<figure class=\"wp-block-image alignwide size-large is-style-rounded is-style-rounded--2\"><img fetchpriority=\"high\" decoding=\"async\" width=\"1024\" height=\"305\" src=\"https:\/\/amare-mediation.fr\/wp-content\/uploads\/2025\/06\/SCHEMA-MC-2025ter-1-edited-1024x305.jpg\" alt=\"\" class=\"wp-image-153\" srcset=\"https:\/\/amare-mediation.fr\/wp-content\/uploads\/2025\/06\/SCHEMA-MC-2025ter-1-edited-1024x305.jpg 1024w, https:\/\/amare-mediation.fr\/wp-content\/uploads\/2025\/06\/SCHEMA-MC-2025ter-1-edited-300x89.jpg 300w, https:\/\/amare-mediation.fr\/wp-content\/uploads\/2025\/06\/SCHEMA-MC-2025ter-1-edited-768x229.jpg 768w, https:\/\/amare-mediation.fr\/wp-content\/uploads\/2025\/06\/SCHEMA-MC-2025ter-1-edited-1536x458.jpg 1536w, https:\/\/amare-mediation.fr\/wp-content\/uploads\/2025\/06\/SCHEMA-MC-2025ter-1-edited.jpg 1628w\" sizes=\"(max-width: 1024px) 100vw, 1024px\" \/><figcaption class=\"wp-element-caption\"><em>Sch\u00e9ma AMARE M\u00e9diation 2025<\/em><\/figcaption><\/figure>\n\n\n\n<p><\/p>\n\n\n\n<h2 class=\"wp-block-heading alignwide has-text-align-left has-contrast-3-color has-text-color has-link-color has-body-font-family wp-elements-8d279ff810b31348c818cd3dda3f11e0\">LA M\u00c9DIATION DANS LE CADRE JUDICIAIRE<\/h2>\n\n\n\n<div class=\"wp-block-group alignfull has-base-background-color has-background is-nowrap is-layout-flex wp-container-core-group-is-layout-da1ed488 wp-block-group-is-layout-flex\" style=\"margin-top:0;margin-bottom:0;padding-top:var(--wp--preset--spacing--50);padding-right:var(--wp--preset--spacing--50);padding-bottom:var(--wp--preset--spacing--50);padding-left:var(--wp--preset--spacing--50)\">\n<details class=\"wp-block-details is-layout-flow wp-block-details-is-layout-flow\"><summary><strong>FOCUS<\/strong> : premiers articles du CODE de PROC\u00c9DURE CIVILE<\/summary>\n<p><em>Article 131-1<\/em><\/p>\n\n\n\n<p><em>Le juge saisi d\u2019un litige peut, apr\u00e8s avoir recueilli l\u2019accord des parties, ordonner une m\u00e9diation.<\/em><\/p>\n\n\n\n<p><em>Le m\u00e9diateur d\u00e9sign\u00e9 par le juge a pour mission d\u2019entendre les parties et de confronter leurs points de vue pour leur permettre de trouver une solution au conflit qui les oppose.<\/em><\/p>\n\n\n\n<p><em>La m\u00e9diation peut \u00e9galement \u00eatre ordonn\u00e9e en cours d\u2019instance par le juge des r\u00e9f\u00e9r\u00e9s.<\/em><\/p>\n\n\n\n<p><em>Article 131-2<\/em><\/p>\n\n\n\n<p><em>La m\u00e9diation porte sur tout ou partie du litige.<\/em><\/p>\n\n\n\n<p><em>En aucun cas elle ne dessaisit le juge, qui peut prendre \u00e0 tout moment les autres mesures qui lui paraissent n\u00e9cessaires.<\/em><\/p>\n<\/details>\n\n\n\n<p class=\"has-text-align-left\" style=\"text-transform:none\"><strong><em><em>L<em>a m\u00e9diation suspend la prescription : \u00ab La prescription est suspendue \u00e0 compter du jour o\u00f9, apr\u00e8s la survenance d\u2019un litige, les parties conviennent de recourir \u00e0 la m\u00e9diation ou \u00e0 la conciliation ou, \u00e0 d\u00e9faut d\u2019accord \u00e9crit, \u00e0 compter du jour de la premi\u00e8re r\u00e9union de m\u00e9diation ou de conciliation (\u2026) \u00bb<\/em><\/em><\/em><\/strong><\/p>\n\n\n\n<ul class=\"wp-block-list\">\n<li class=\"has-cabin-font-family\" style=\"text-transform:none\">Une proposition via la juridiction d&#8217;une autre voie pour la r\u00e9solution d&#8217;un litige faisant l&#8217;objet d&#8217;une proc\u00e9dure<\/li>\n\n\n\n<li class=\"has-contrast-2-color has-text-color has-cabin-font-family\" style=\"text-transform:none\">Des m\u00e9diateurs mandat\u00e9s, des accords homologu\u00e9s<\/li>\n\n\n\n<li class=\"has-contrast-2-color has-text-color has-cabin-font-family\" style=\"text-transform:none\">Un partenariat avec les conseils pour la fluidit\u00e9 des \u00e9changes, une recherche commune et constructive de solution<\/li>\n<\/ul>\n<\/div>\n\n\n\n<figure class=\"wp-block-image alignwide size-full is-style-rounded wp-duotone-unset-4 is-style-rounded--3\"><img decoding=\"async\" width=\"1634\" height=\"516\" src=\"https:\/\/amare-mediation.fr\/wp-content\/uploads\/2025\/08\/SCHEMA-MJ-2025-QUAR.jpg\" alt=\"\" class=\"wp-image-325\" srcset=\"https:\/\/amare-mediation.fr\/wp-content\/uploads\/2025\/08\/SCHEMA-MJ-2025-QUAR.jpg 1634w, https:\/\/amare-mediation.fr\/wp-content\/uploads\/2025\/08\/SCHEMA-MJ-2025-QUAR-300x95.jpg 300w, https:\/\/amare-mediation.fr\/wp-content\/uploads\/2025\/08\/SCHEMA-MJ-2025-QUAR-1024x323.jpg 1024w, https:\/\/amare-mediation.fr\/wp-content\/uploads\/2025\/08\/SCHEMA-MJ-2025-QUAR-768x243.jpg 768w, https:\/\/amare-mediation.fr\/wp-content\/uploads\/2025\/08\/SCHEMA-MJ-2025-QUAR-1536x485.jpg 1536w\" sizes=\"(max-width: 1634px) 100vw, 1634px\" \/><figcaption class=\"wp-element-caption\"><em>Sch\u00e9ma AMARE M\u00e9diation 2025<\/em><\/figcaption><\/figure>\n\n\n\n<p><\/p>\n\n\n\n<h2 class=\"wp-block-heading alignwide has-contrast-3-color has-text-color has-link-color has-body-font-family wp-elements-57d738e24ae8cf3e445805b7ef57552a\">L&#8217;INJONCTION DE RENCONTRER UN M\u00c9DIATEUR par le Juge aux Affaires Familiales<\/h2>\n\n\n\n<div class=\"wp-block-group alignfull has-base-background-color has-background is-nowrap is-layout-flex wp-container-core-group-is-layout-da1ed488 wp-block-group-is-layout-flex\" style=\"margin-top:0;margin-bottom:0;padding-top:var(--wp--preset--spacing--50);padding-right:var(--wp--preset--spacing--50);padding-bottom:var(--wp--preset--spacing--50);padding-left:var(--wp--preset--spacing--50)\">\n<p class=\"has-text-align-left\" style=\"text-transform:none\"><em><strong>Les parents divorc\u00e9s ou s\u00e9par\u00e9s, qui se trouvent confront\u00e9s \u00e0 une r\u00e9vision du mode de garde des enfants, et toutes modifications intervenant dans l&#8217;\u00e9ducation des enfants, doivent tenter une m\u00e9diation avant toute proc\u00e9dure aupr\u00e8s du Juge aux Affaires Familiales .<\/strong><\/em> L&#8217;injonction de rencontrer un m\u00e9diateur familial est ainsi prononc\u00e9e et les personnes ont alors un mois maximum pour contacter un m\u00e9diateur. Le process r\u00e9pond \u00e0 un cadre pr\u00e9cis, et des d\u00e9lais stricts jusqu&#8217;\u00e0 l&#8217;audience fix\u00e9e 4 mois apr\u00e8s la date de l&#8217;ordonnance. Le non-respect par les personnes et par le m\u00e9diateur des d\u00e9lais peut entrainer la radiation du dossier au role. <\/p>\n\n\n\n<ul class=\"wp-block-list\">\n<li class=\"has-cabin-font-family\" style=\"text-transform:none\">Une proc\u00e9dure du JAF sp\u00e9cifique pour encourager le dialogue et une solution co-construite entre parents s\u00e9par\u00e9s<\/li>\n\n\n\n<li class=\"has-contrast-2-color has-text-color has-cabin-font-family\" style=\"text-transform:none\">Un process reconnu, avec accords homologu\u00e9s<\/li>\n\n\n\n<li class=\"has-contrast-2-color has-text-color has-cabin-font-family\" style=\"text-transform:none\">Un traitement prioritaire r\u00e9serv\u00e9 aux dossiers avec accord suite \u00e0 une m\u00e9diation<\/li>\n<\/ul>\n<\/div>\n\n\n\n<figure class=\"wp-block-image alignwide size-full is-style-rounded is-style-rounded--5\"><img decoding=\"async\" width=\"1172\" height=\"576\" src=\"https:\/\/amare-mediation.fr\/wp-content\/uploads\/2025\/08\/SCHEMA-MF-JAF-2025-3.png\" alt=\"\" class=\"wp-image-337\" srcset=\"https:\/\/amare-mediation.fr\/wp-content\/uploads\/2025\/08\/SCHEMA-MF-JAF-2025-3.png 1172w, https:\/\/amare-mediation.fr\/wp-content\/uploads\/2025\/08\/SCHEMA-MF-JAF-2025-3-300x147.png 300w, https:\/\/amare-mediation.fr\/wp-content\/uploads\/2025\/08\/SCHEMA-MF-JAF-2025-3-1024x503.png 1024w, https:\/\/amare-mediation.fr\/wp-content\/uploads\/2025\/08\/SCHEMA-MF-JAF-2025-3-768x377.png 768w\" sizes=\"(max-width: 1172px) 100vw, 1172px\" \/><figcaption class=\"wp-element-caption\"><em>Sch\u00e9ma AMARE M\u00e9diation 2025<\/em><\/figcaption><\/figure>\n\n\n\n<div class=\"wp-block-group alignfull has-contrast-2-color has-text-color has-background has-link-color wp-elements-b34fe166345d796e12f14c28ec8fc59d has-global-padding is-layout-constrained wp-container-core-group-is-layout-7cd14b77 wp-block-group-is-layout-constrained\" style=\"background-color:#e68b6a;margin-top:0;margin-bottom:0;padding-top:var(--wp--preset--spacing--60);padding-right:var(--wp--preset--spacing--60);padding-bottom:var(--wp--preset--spacing--60);padding-left:var(--wp--preset--spacing--60)\">\n<div class=\"wp-block-group alignwide is-layout-flow wp-block-group-is-layout-flow\">\n<p class=\"has-text-align-center has-comfortaa-font-family has-medium-font-size\" style=\"font-style:normal;font-weight:300;line-height:1.2;text-transform:none\">Les piliers fondamentaux de la m\u00e9diation :<br><br><strong>Le consentement des personnes, <\/strong>libre et \u00e9clair\u00e9, sur la base d&#8217;une information claire et pr\u00e9cise donn\u00e9e par le m\u00e9diateur.                                   <strong>La libert\u00e9 des personnes<\/strong> de trouver leur solution.<\/p>\n\n\n\n<p class=\"has-text-align-center has-contrast-2-color has-text-color has-comfortaa-font-family has-medium-font-size\" style=\"font-style:normal;font-weight:300;line-height:1.2;text-transform:none\"><strong>La confidentialit\u00e9 des \u00e9changes<\/strong>, y compris vis \u00e0 vis du juge. <\/p>\n\n\n\n<p class=\"has-text-align-center has-contrast-2-color has-text-color has-comfortaa-font-family has-medium-font-size\" style=\"font-style:normal;font-weight:300;line-height:1.2;text-transform:none\"><strong>L&#8217;ind\u00e9pendance<\/strong> du m\u00e9diateur<\/p>\n\n\n\n<p class=\"has-text-align-center has-comfortaa-font-family has-medium-font-size\" style=\"font-style:normal;font-weight:300;line-height:1.2;text-transform:none\"><strong>La neutralit\u00e9 <\/strong>du m\u00e9diateur<\/p>\n<\/div>\n<\/div>\n\n\n\n<div class=\"wp-block-cover alignfull is-light\" style=\"margin-top:0;padding-top:5vw;padding-right:5vw;padding-bottom:5vw;padding-left:5vw;min-height:66vh;aspect-ratio:unset;\"><span aria-hidden=\"true\" class=\"wp-block-cover__background has-custom-color-2-background-color has-background-dim-100 has-background-dim\"><\/span><div class=\"wp-block-cover__inner-container is-layout-flow wp-block-cover-is-layout-flow\">\n<div class=\"wp-block-group wp-container-content-9cfa9a5a has-global-padding is-layout-constrained wp-container-core-group-is-layout-a1274fd4 wp-block-group-is-layout-constrained\">\n<figure class=\"wp-block-image size-large is-style-rounded wp-duotone-000000-ffffff-7 is-style-rounded--6\"><img loading=\"lazy\" decoding=\"async\" width=\"1024\" height=\"632\" src=\"https:\/\/amare-mediation.fr\/wp-content\/uploads\/2025\/06\/DSC_5629BIS-1-1024x632.jpg\" alt=\"\" class=\"wp-image-149\" srcset=\"https:\/\/amare-mediation.fr\/wp-content\/uploads\/2025\/06\/DSC_5629BIS-1-1024x632.jpg 1024w, https:\/\/amare-mediation.fr\/wp-content\/uploads\/2025\/06\/DSC_5629BIS-1-300x185.jpg 300w, https:\/\/amare-mediation.fr\/wp-content\/uploads\/2025\/06\/DSC_5629BIS-1-768x474.jpg 768w, https:\/\/amare-mediation.fr\/wp-content\/uploads\/2025\/06\/DSC_5629BIS-1-1536x948.jpg 1536w, https:\/\/amare-mediation.fr\/wp-content\/uploads\/2025\/06\/DSC_5629BIS-1.jpg 1874w\" sizes=\"(max-width: 1024px) 100vw, 1024px\" \/><\/figure>\n<\/div>\n<\/div><\/div>\n\n\n\n<p><\/p>\n","protected":false},"excerpt":{"rendered":"<p>\u00ab Mode coop\u00e9ratif de pr\u00e9vention des conflits et de leur r\u00e8glement amiable par les personnes ou les parties elles-m\u00eames, gr\u00e2ce au dialogue facilit\u00e9 par une personne qualifi\u00e9e \u00bb La m\u00e9diation est un mode amiable de r\u00e8glement des conflits et de leur pr\u00e9vention. Elle peut \u00eatre mise en \u0153uvre dans un cadre judiciaire et\/ou conventionnel. Alternant concertation, dialogue, \u00e9coute dans un cadre d\u00e9ontologique et neutre, et ce quelque soit le domaine, la m\u00e9diation est l\u00e0 pour apaiser les situations et repositionner le dialogue comme mode de communication pour parvenir \u00e0 une solution co-construite. Ecoute active, CNV, PNL, n\u00e9gociation raisonn\u00e9e, Triangle de Karpman&#8230;les techniques et outils sont nombreux pour accompagner le process. M\u00e9thode apparue dans les ann\u00e9es 1970 en France, inspir\u00e9e de pratiques \u00e0 l&#8217;\u00e9tranger (Canada), l\u00e9galis\u00e9e par la loi du 8 f\u00e9vrier 1995, la m\u00e9diation fait l&#8217;objet d&#8217;une volont\u00e9 affirm\u00e9e des pouvoirs publics de la d\u00e9velopper (cf le recours aux MARD &#8220;modes alternatifs de r\u00e9glement des diff\u00e9rends&#8221; dans la Loi pour la justice du XXI\u00e8me si\u00e8cle et la toute r\u00e9cente publication au JO du Decret 2025-660 du 18 juillet 2025). LA M\u00c9DIATION CONVENTIONNELLE Les personnes en conflit restent libres, dans tous les domaines o\u00f9 elles ont la libre disposition de leurs droits, de n\u00e9gocier et de transiger. Les personnes en conflit peuvent tenter une approche amiable avec le concours d\u2019un tiers qualifi\u00e9 librement choisi, neutre et sans pouvoir de d\u00e9cision, un m\u00e9diateur : c\u2019est ce qu\u2019on appelle la m\u00e9diation conventionnelle. Les avocats peuvent assister leurs clients. Les personnes peuvent demander au juge d\u2019homologuer l\u2019accord trouv\u00e9 en m\u00e9diation conventionnelle dans les domaines o\u00f9 elles ont la libre disposition de leurs droits. LA M\u00c9DIATION DANS LE CADRE JUDICIAIRE La m\u00e9diation suspend la prescription : \u00ab La prescription est suspendue \u00e0 compter du jour o\u00f9, apr\u00e8s la survenance d\u2019un litige, les parties conviennent de recourir \u00e0 la m\u00e9diation ou \u00e0 la conciliation ou, \u00e0 d\u00e9faut d\u2019accord \u00e9crit, \u00e0 compter du jour de la premi\u00e8re r\u00e9union de m\u00e9diation ou de conciliation (\u2026) \u00bb L&#8217;INJONCTION DE RENCONTRER UN M\u00c9DIATEUR par le Juge aux Affaires Familiales Les parents divorc\u00e9s ou s\u00e9par\u00e9s, qui se trouvent confront\u00e9s \u00e0 une r\u00e9vision du mode de garde des enfants, et toutes modifications intervenant dans l&#8217;\u00e9ducation des enfants, doivent tenter une m\u00e9diation avant toute proc\u00e9dure aupr\u00e8s du Juge aux Affaires Familiales . L&#8217;injonction de rencontrer un m\u00e9diateur familial est ainsi prononc\u00e9e et les personnes ont alors un mois maximum pour contacter un m\u00e9diateur. Le process r\u00e9pond \u00e0 un cadre pr\u00e9cis, et des d\u00e9lais stricts jusqu&#8217;\u00e0 l&#8217;audience fix\u00e9e 4 mois apr\u00e8s la date de l&#8217;ordonnance. Le non-respect par les personnes et par le m\u00e9diateur des d\u00e9lais peut entrainer la radiation du dossier au role. Les piliers fondamentaux de la m\u00e9diation : Le consentement des personnes, libre et \u00e9clair\u00e9, sur la base d&#8217;une information claire et pr\u00e9cise donn\u00e9e par le m\u00e9diateur. La libert\u00e9 des personnes de trouver leur solution. La confidentialit\u00e9 des \u00e9changes, y compris vis \u00e0 vis du juge. L&#8217;ind\u00e9pendance du m\u00e9diateur La neutralit\u00e9 du m\u00e9diateur<\/p>\n","protected":false},"author":1,"featured_media":0,"parent":0,"menu_order":0,"comment_status":"closed","ping_status":"closed","template":"","meta":{"_uag_custom_page_level_css":"","footnotes":""},"class_list":["post-112","page","type-page","status-publish","hentry"],"uagb_featured_image_src":{"full":false,"thumbnail":false,"medium":false,"medium_large":false,"large":false,"1536x1536":false,"2048x2048":false},"uagb_author_info":{"display_name":"AMARE","author_link":"https:\/\/amare-mediation.fr\/index.php\/author\/amare\/"},"uagb_comment_info":0,"uagb_excerpt":"\u00ab Mode coop\u00e9ratif de pr\u00e9vention des conflits et de leur r\u00e8glement amiable par les personnes ou les parties elles-m\u00eames, gr\u00e2ce au dialogue facilit\u00e9 par une personne qualifi\u00e9e \u00bb La m\u00e9diation est un mode amiable de r\u00e8glement des conflits et de leur pr\u00e9vention. Elle peut \u00eatre mise en \u0153uvre dans un cadre judiciaire et\/ou conventionnel. Alternant&hellip;","_links":{"self":[{"href":"https:\/\/amare-mediation.fr\/index.php\/wp-json\/wp\/v2\/pages\/112","targetHints":{"allow":["GET"]}}],"collection":[{"href":"https:\/\/amare-mediation.fr\/index.php\/wp-json\/wp\/v2\/pages"}],"about":[{"href":"https:\/\/amare-mediation.fr\/index.php\/wp-json\/wp\/v2\/types\/page"}],"author":[{"embeddable":true,"href":"https:\/\/amare-mediation.fr\/index.php\/wp-json\/wp\/v2\/users\/1"}],"replies":[{"embeddable":true,"href":"https:\/\/amare-mediation.fr\/index.php\/wp-json\/wp\/v2\/comments?post=112"}],"version-history":[{"count":27,"href":"https:\/\/amare-mediation.fr\/index.php\/wp-json\/wp\/v2\/pages\/112\/revisions"}],"predecessor-version":[{"id":419,"href":"https:\/\/amare-mediation.fr\/index.php\/wp-json\/wp\/v2\/pages\/112\/revisions\/419"}],"wp:attachment":[{"href":"https:\/\/amare-mediation.fr\/index.php\/wp-json\/wp\/v2\/media?parent=112"}],"curies":[{"name":"wp","href":"https:\/\/api.w.org\/{rel}","templated":true}]}}